{"id":3054,"date":"2022-11-04T15:34:49","date_gmt":"2022-11-04T15:34:49","guid":{"rendered":"https:\/\/viviendasturisticasmardeplata.com\/decouvrez\/"},"modified":"2024-07-03T05:51:53","modified_gmt":"2024-07-03T05:51:53","slug":"decouvrez","status":"publish","type":"page","link":"https:\/\/viviendasturisticasmardeplata.com\/fr\/decouvrez\/","title":{"rendered":"D\u00e9couvrez"},"content":{"rendered":"\t\t<div data-elementor-type=\"wp-page\" data-elementor-id=\"3054\" class=\"elementor elementor-3054 elementor-646\">\n\t\t\t\t\t\t<section class=\"elementor-section elementor-top-section elementor-element elementor-element-81d0cae elementor-section-boxed elementor-section-height-default elementor-section-height-default\" data-id=\"81d0cae\" data-element_type=\"section\" data-e-type=\"section\">\n\t\t\t\t\t\t<div class=\"elementor-container elementor-column-gap-default\">\n\t\t\t\t\t<div class=\"elementor-column elementor-col-50 elementor-top-column elementor-element elementor-element-caf3749\" data-id=\"caf3749\" data-element_type=\"column\" data-e-type=\"column\">\n\t\t\t<div class=\"elementor-widget-wrap elementor-element-populated\">\n\t\t\t\t\t\t<div class=\"elementor-element elementor-element-3cb1e73 el-smalltitle pcolor elementor-widget elementor-widget-heading\" data-id=\"3cb1e73\" data-element_type=\"widget\" data-e-type=\"widget\" data-widget_type=\"heading.default\">\n\t\t\t\t<div class=\"elementor-widget-container\">\n\t\t\t\t\t<span class=\"elementor-heading-title elementor-size-default\">FAQ<\/span>\t\t\t\t<\/div>\n\t\t\t\t<\/div>\n\t\t\t\t<div class=\"elementor-element elementor-element-a6dcdd1 elementor-widget elementor-widget-heading\" data-id=\"a6dcdd1\" data-element_type=\"widget\" data-e-type=\"widget\" data-widget_type=\"heading.default\">\n\t\t\t\t<div class=\"elementor-widget-container\">\n\t\t\t\t\t<h2 class=\"elementor-heading-title elementor-size-default\">D\u00e9couvrez Sarria<\/h2>\t\t\t\t<\/div>\n\t\t\t\t<\/div>\n\t\t\t\t<div class=\"elementor-element elementor-element-8aed585 elementor-widget elementor-widget-text-editor\" data-id=\"8aed585\" data-element_type=\"widget\" data-e-type=\"widget\" data-widget_type=\"text-editor.default\">\n\t\t\t\t<div class=\"elementor-widget-container\">\n\t\t\t\t\t\t\t\t\t<p>Sarria est une charmante municipalit\u00e9 de la province de Lugo, en Galice, qui est devenue une destination populaire tant pour les p\u00e8lerins du Camino de Santiago que pour les touristes d\u00e9sireux de profiter de sa riche histoire, de sa culture et de sa nature. Vous trouverez ci-dessous les r\u00e9ponses aux questions les plus fr\u00e9quemment pos\u00e9es sur les meilleures choses \u00e0 voir et \u00e0 faire \u00e0 Sarria.<\/p>\n\t\t\t\t\t\t\t\t<\/div>\n\t\t\t\t<\/div>\n\t\t\t\t<section class=\"elementor-section elementor-inner-section elementor-element elementor-element-832dac9 elementor-hidden-mobile el-inner-section elementor-section-boxed elementor-section-height-default elementor-section-height-default\" data-id=\"832dac9\" data-element_type=\"section\" data-e-type=\"section\">\n\t\t\t\t\t\t<div class=\"elementor-container elementor-column-gap-default\">\n\t\t\t\t\t<div class=\"elementor-column elementor-col-50 elementor-inner-column elementor-element elementor-element-e2d78d9\" data-id=\"e2d78d9\" data-element_type=\"column\" data-e-type=\"column\">\n\t\t\t<div class=\"elementor-widget-wrap elementor-element-populated\">\n\t\t\t\t\t\t<div class=\"elementor-element elementor-element-a798322 elementor-widget elementor-widget-image\" data-id=\"a798322\" data-element_type=\"widget\" data-e-type=\"widget\" data-widget_type=\"image.default\">\n\t\t\t\t<div class=\"elementor-widget-container\">\n\t\t\t\t\t\t\t\t\t\t\t\t\t\t\t<img decoding=\"async\" src=\"https:\/\/viviendasturisticasmardeplata.com\/wp-content\/uploads\/page-p1.jpg\" title=\"\" alt=\"\" loading=\"lazy\" \/>\t\t\t\t\t\t\t\t\t\t\t\t\t\t\t<\/div>\n\t\t\t\t<\/div>\n\t\t\t\t\t<\/div>\n\t\t<\/div>\n\t\t\t\t<div class=\"elementor-column elementor-col-50 elementor-inner-column elementor-element elementor-element-4073b70\" data-id=\"4073b70\" data-element_type=\"column\" data-e-type=\"column\">\n\t\t\t<div class=\"elementor-widget-wrap elementor-element-populated\">\n\t\t\t\t\t\t<div class=\"elementor-element elementor-element-d7f9b21 elementor-widget elementor-widget-image\" data-id=\"d7f9b21\" data-element_type=\"widget\" data-e-type=\"widget\" data-widget_type=\"image.default\">\n\t\t\t\t<div class=\"elementor-widget-container\">\n\t\t\t\t\t\t\t\t\t\t\t\t\t\t\t<img decoding=\"async\" src=\"https:\/\/viviendasturisticasmardeplata.com\/wp-content\/uploads\/pricing-p1.jpg\" title=\"\" alt=\"\" loading=\"lazy\" \/>\t\t\t\t\t\t\t\t\t\t\t\t\t\t\t<\/div>\n\t\t\t\t<\/div>\n\t\t\t\t\t<\/div>\n\t\t<\/div>\n\t\t\t\t\t<\/div>\n\t\t<\/section>\n\t\t\t\t\t<\/div>\n\t\t<\/div>\n\t\t\t\t<div class=\"elementor-column elementor-col-50 elementor-top-column elementor-element elementor-element-121aeae\" data-id=\"121aeae\" data-element_type=\"column\" data-e-type=\"column\">\n\t\t\t<div class=\"elementor-widget-wrap elementor-element-populated\">\n\t\t\t\t\t\t<div class=\"elementor-element elementor-element-2137714 mt-accordion elementor-widget elementor-widget-toggle\" data-id=\"2137714\" data-element_type=\"widget\" data-e-type=\"widget\" data-widget_type=\"toggle.default\">\n\t\t\t\t<div class=\"elementor-widget-container\">\n\t\t\t\t\t\t\t<div class=\"elementor-toggle\">\n\t\t\t\t\t\t\t<div class=\"elementor-toggle-item\">\n\t\t\t\t\t<h3 id=\"elementor-tab-title-3481\" class=\"elementor-tab-title\" data-tab=\"1\" role=\"button\" aria-controls=\"elementor-tab-content-3481\" aria-expanded=\"false\">\n\t\t\t\t\t\t\t\t\t\t\t\t<span class=\"elementor-toggle-icon elementor-toggle-icon-left\" aria-hidden=\"true\">\n\t\t\t\t\t\t\t\t\t\t\t\t\t\t\t<span class=\"elementor-toggle-icon-closed\"><svg class=\"e-font-icon-svg e-fas-plus\" viewBox=\"0 0 448 512\" xmlns=\"http:\/\/www.w3.org\/2000\/svg\"><path d=\"M416 208H272V64c0-17.67-14.33-32-32-32h-32c-17.67 0-32 14.33-32 32v144H32c-17.67 0-32 14.33-32 32v32c0 17.67 14.33 32 32 32h144v144c0 17.67 14.33 32 32 32h32c17.67 0 32-14.33 32-32V304h144c17.67 0 32-14.33 32-32v-32c0-17.67-14.33-32-32-32z\"><\/path><\/svg><\/span>\n\t\t\t\t\t\t\t\t<span class=\"elementor-toggle-icon-opened\"><svg class=\"elementor-toggle-icon-opened e-font-icon-svg e-fas-minus\" viewBox=\"0 0 448 512\" xmlns=\"http:\/\/www.w3.org\/2000\/svg\"><path d=\"M416 208H32c-17.67 0-32 14.33-32 32v32c0 17.67 14.33 32 32 32h384c17.67 0 32-14.33 32-32v-32c0-17.67-14.33-32-32-32z\"><\/path><\/svg><\/span>\n\t\t\t\t\t\t\t\t\t\t\t\t\t<\/span>\n\t\t\t\t\t\t\t\t\t\t\t\t<a class=\"elementor-toggle-title\" tabindex=\"0\">Quels sont les lieux historiques \u00e0 visiter \u00e0 Sarria ?<\/a>\n\t\t\t\t\t<\/h3>\n\n\t\t\t\t\t<div id=\"elementor-tab-content-3481\" class=\"elementor-tab-content elementor-clearfix\" data-tab=\"1\" role=\"region\" aria-labelledby=\"elementor-tab-title-3481\"><p>Sarria poss\u00e8de de nombreux sites historiques qui m\u00e9ritent d&rsquo;\u00eatre visit\u00e9s. Voici quelques-uns des points forts :<\/p>\n<ul>\n<li><strong>Monast\u00e8re de La Magdalena :<\/strong> un beau monast\u00e8re du XIIIe si\u00e8cle qui sert actuellement d&rsquo;auberge pour les p\u00e8lerins.<\/li>\n<li>\u00c9glise de <strong>Santa Marina :<\/strong> une \u00e9glise du 12e si\u00e8cle \u00e0 l&rsquo;architecture romane impressionnante.<\/li>\n<li><strong>Ch\u00e2teau de Sarria :<\/strong> Bien qu&rsquo;en ruines, ce ch\u00e2teau m\u00e9di\u00e9val offre une vue panoramique de la ville et constitue un point d&rsquo;int\u00e9r\u00eat historique.<\/li>\n<\/ul>\n<\/div>\n\t\t\t\t<\/div>\n\t\t\t\t\t\t\t<div class=\"elementor-toggle-item\">\n\t\t\t\t\t<h3 id=\"elementor-tab-title-3482\" class=\"elementor-tab-title\" data-tab=\"2\" role=\"button\" aria-controls=\"elementor-tab-content-3482\" aria-expanded=\"false\">\n\t\t\t\t\t\t\t\t\t\t\t\t<span class=\"elementor-toggle-icon elementor-toggle-icon-left\" aria-hidden=\"true\">\n\t\t\t\t\t\t\t\t\t\t\t\t\t\t\t<span class=\"elementor-toggle-icon-closed\"><svg class=\"e-font-icon-svg e-fas-plus\" viewBox=\"0 0 448 512\" xmlns=\"http:\/\/www.w3.org\/2000\/svg\"><path d=\"M416 208H272V64c0-17.67-14.33-32-32-32h-32c-17.67 0-32 14.33-32 32v144H32c-17.67 0-32 14.33-32 32v32c0 17.67 14.33 32 32 32h144v144c0 17.67 14.33 32 32 32h32c17.67 0 32-14.33 32-32V304h144c17.67 0 32-14.33 32-32v-32c0-17.67-14.33-32-32-32z\"><\/path><\/svg><\/span>\n\t\t\t\t\t\t\t\t<span class=\"elementor-toggle-icon-opened\"><svg class=\"elementor-toggle-icon-opened e-font-icon-svg e-fas-minus\" viewBox=\"0 0 448 512\" xmlns=\"http:\/\/www.w3.org\/2000\/svg\"><path d=\"M416 208H32c-17.67 0-32 14.33-32 32v32c0 17.67 14.33 32 32 32h384c17.67 0 32-14.33 32-32v-32c0-17.67-14.33-32-32-32z\"><\/path><\/svg><\/span>\n\t\t\t\t\t\t\t\t\t\t\t\t\t<\/span>\n\t\t\t\t\t\t\t\t\t\t\t\t<a class=\"elementor-toggle-title\" tabindex=\"0\">Quelles activit\u00e9s de plein air peut-on pratiquer \u00e0 Sarria ?<\/a>\n\t\t\t\t\t<\/h3>\n\n\t\t\t\t\t<div id=\"elementor-tab-content-3482\" class=\"elementor-tab-content elementor-clearfix\" data-tab=\"2\" role=\"region\" aria-labelledby=\"elementor-tab-title-3482\"><p>Sarria est un endroit id\u00e9al pour pratiquer des activit\u00e9s de plein air. Parmi les options possibles, citons<\/p>\n<ul>\n<li><strong>Randonn\u00e9e :<\/strong> il existe de nombreux itin\u00e9raires de randonn\u00e9e, y compris des sections du Camino de Santiago.<\/li>\n<li><strong>Randonn\u00e9es \u00e0 v\u00e9lo :<\/strong> profitez des magnifiques paysages galiciens \u00e0 v\u00e9lo.<\/li>\n<li><strong>P\u00eache :<\/strong> Les rivi\u00e8res de la r\u00e9gion sont parfaites pour la p\u00eache sportive.<\/li>\n<\/ul>\n<\/div>\n\t\t\t\t<\/div>\n\t\t\t\t\t\t\t<div class=\"elementor-toggle-item\">\n\t\t\t\t\t<h3 id=\"elementor-tab-title-3483\" class=\"elementor-tab-title\" data-tab=\"3\" role=\"button\" aria-controls=\"elementor-tab-content-3483\" aria-expanded=\"false\">\n\t\t\t\t\t\t\t\t\t\t\t\t<span class=\"elementor-toggle-icon elementor-toggle-icon-left\" aria-hidden=\"true\">\n\t\t\t\t\t\t\t\t\t\t\t\t\t\t\t<span class=\"elementor-toggle-icon-closed\"><svg class=\"e-font-icon-svg e-fas-plus\" viewBox=\"0 0 448 512\" xmlns=\"http:\/\/www.w3.org\/2000\/svg\"><path d=\"M416 208H272V64c0-17.67-14.33-32-32-32h-32c-17.67 0-32 14.33-32 32v144H32c-17.67 0-32 14.33-32 32v32c0 17.67 14.33 32 32 32h144v144c0 17.67 14.33 32 32 32h32c17.67 0 32-14.33 32-32V304h144c17.67 0 32-14.33 32-32v-32c0-17.67-14.33-32-32-32z\"><\/path><\/svg><\/span>\n\t\t\t\t\t\t\t\t<span class=\"elementor-toggle-icon-opened\"><svg class=\"elementor-toggle-icon-opened e-font-icon-svg e-fas-minus\" viewBox=\"0 0 448 512\" xmlns=\"http:\/\/www.w3.org\/2000\/svg\"><path d=\"M416 208H32c-17.67 0-32 14.33-32 32v32c0 17.67 14.33 32 32 32h384c17.67 0 32-14.33 32-32v-32c0-17.67-14.33-32-32-32z\"><\/path><\/svg><\/span>\n\t\t\t\t\t\t\t\t\t\t\t\t\t<\/span>\n\t\t\t\t\t\t\t\t\t\t\t\t<a class=\"elementor-toggle-title\" tabindex=\"0\">Y a-t-il des \u00e9v\u00e9nements culturels et des festivit\u00e9s \u00e0 Sarria ?<\/a>\n\t\t\t\t\t<\/h3>\n\n\t\t\t\t\t<div id=\"elementor-tab-content-3483\" class=\"elementor-tab-content elementor-clearfix\" data-tab=\"3\" role=\"region\" aria-labelledby=\"elementor-tab-title-3483\"><p>Oui, Sarria propose un riche programme d&rsquo;\u00e9v\u00e9nements culturels et de festivit\u00e9s tout au long de l&rsquo;ann\u00e9e. Parmi les plus importants, on peut citer<\/p>\n<ul>\n<li><strong>Festivit\u00e9s de San Juan :<\/strong> c\u00e9l\u00e9br\u00e9es en juin, avec des feux de joie, de la musique et des danses traditionnelles.<\/li>\n<li><strong>Foire aux antiquit\u00e9s :<\/strong> Un \u00e9v\u00e9nement mensuel o\u00f9 vous pouvez trouver des antiquit\u00e9s et de l&rsquo;artisanat locaux.<\/li>\n<li><strong>Semaine sainte :<\/strong> processions religieuses qui attirent de nombreux visiteurs.<\/li>\n<\/ul>\n<\/div>\n\t\t\t\t<\/div>\n\t\t\t\t\t\t\t<div class=\"elementor-toggle-item\">\n\t\t\t\t\t<h3 id=\"elementor-tab-title-3484\" class=\"elementor-tab-title\" data-tab=\"4\" role=\"button\" aria-controls=\"elementor-tab-content-3484\" aria-expanded=\"false\">\n\t\t\t\t\t\t\t\t\t\t\t\t<span class=\"elementor-toggle-icon elementor-toggle-icon-left\" aria-hidden=\"true\">\n\t\t\t\t\t\t\t\t\t\t\t\t\t\t\t<span class=\"elementor-toggle-icon-closed\"><svg class=\"e-font-icon-svg e-fas-plus\" viewBox=\"0 0 448 512\" xmlns=\"http:\/\/www.w3.org\/2000\/svg\"><path d=\"M416 208H272V64c0-17.67-14.33-32-32-32h-32c-17.67 0-32 14.33-32 32v144H32c-17.67 0-32 14.33-32 32v32c0 17.67 14.33 32 32 32h144v144c0 17.67 14.33 32 32 32h32c17.67 0 32-14.33 32-32V304h144c17.67 0 32-14.33 32-32v-32c0-17.67-14.33-32-32-32z\"><\/path><\/svg><\/span>\n\t\t\t\t\t\t\t\t<span class=\"elementor-toggle-icon-opened\"><svg class=\"elementor-toggle-icon-opened e-font-icon-svg e-fas-minus\" viewBox=\"0 0 448 512\" xmlns=\"http:\/\/www.w3.org\/2000\/svg\"><path d=\"M416 208H32c-17.67 0-32 14.33-32 32v32c0 17.67 14.33 32 32 32h384c17.67 0 32-14.33 32-32v-32c0-17.67-14.33-32-32-32z\"><\/path><\/svg><\/span>\n\t\t\t\t\t\t\t\t\t\t\t\t\t<\/span>\n\t\t\t\t\t\t\t\t\t\t\t\t<a class=\"elementor-toggle-title\" tabindex=\"0\">Quels sont les meilleurs itin\u00e9raires du Camino de Santiago \u00e0 partir de Sarria ?<\/a>\n\t\t\t\t\t<\/h3>\n\n\t\t\t\t\t<div id=\"elementor-tab-content-3484\" class=\"elementor-tab-content elementor-clearfix\" data-tab=\"4\" role=\"region\" aria-labelledby=\"elementor-tab-title-3484\"><p>Sarria est l&rsquo;un des points de d\u00e9part les plus populaires du Camino de Santiago en raison de sa situation strat\u00e9gique. Les itin\u00e9raires les plus recommand\u00e9s sont les suivants :<\/p>\n<ul>\n<li><strong>Route fran\u00e7aise :<\/strong> la route la plus c\u00e9l\u00e8bre et la plus fr\u00e9quent\u00e9e, connue pour sa beaut\u00e9 et son patrimoine historique.<\/li>\n<li><strong>Camino Primitivo :<\/strong> un itin\u00e9raire plus difficile qui offre des paysages \u00e9poustouflants et moins fr\u00e9quent\u00e9s.<\/li>\n<\/ul>\n<\/div>\n\t\t\t\t<\/div>\n\t\t\t\t\t\t\t<div class=\"elementor-toggle-item\">\n\t\t\t\t\t<h3 id=\"elementor-tab-title-3485\" class=\"elementor-tab-title\" data-tab=\"5\" role=\"button\" aria-controls=\"elementor-tab-content-3485\" aria-expanded=\"false\">\n\t\t\t\t\t\t\t\t\t\t\t\t<span class=\"elementor-toggle-icon elementor-toggle-icon-left\" aria-hidden=\"true\">\n\t\t\t\t\t\t\t\t\t\t\t\t\t\t\t<span class=\"elementor-toggle-icon-closed\"><svg class=\"e-font-icon-svg e-fas-plus\" viewBox=\"0 0 448 512\" xmlns=\"http:\/\/www.w3.org\/2000\/svg\"><path d=\"M416 208H272V64c0-17.67-14.33-32-32-32h-32c-17.67 0-32 14.33-32 32v144H32c-17.67 0-32 14.33-32 32v32c0 17.67 14.33 32 32 32h144v144c0 17.67 14.33 32 32 32h32c17.67 0 32-14.33 32-32V304h144c17.67 0 32-14.33 32-32v-32c0-17.67-14.33-32-32-32z\"><\/path><\/svg><\/span>\n\t\t\t\t\t\t\t\t<span class=\"elementor-toggle-icon-opened\"><svg class=\"elementor-toggle-icon-opened e-font-icon-svg e-fas-minus\" viewBox=\"0 0 448 512\" xmlns=\"http:\/\/www.w3.org\/2000\/svg\"><path d=\"M416 208H32c-17.67 0-32 14.33-32 32v32c0 17.67 14.33 32 32 32h384c17.67 0 32-14.33 32-32v-32c0-17.67-14.33-32-32-32z\"><\/path><\/svg><\/span>\n\t\t\t\t\t\t\t\t\t\t\t\t\t<\/span>\n\t\t\t\t\t\t\t\t\t\t\t\t<a class=\"elementor-toggle-title\" tabindex=\"0\">  Y a-t-il des parcs et des espaces naturels \u00e0 Sarria ?<\/a>\n\t\t\t\t\t<\/h3>\n\n\t\t\t\t\t<div id=\"elementor-tab-content-3485\" class=\"elementor-tab-content elementor-clearfix\" data-tab=\"5\" role=\"region\" aria-labelledby=\"elementor-tab-title-3485\"><p>Oui, Sarria poss\u00e8de plusieurs parcs et espaces naturels qui sont parfaits pour se d\u00e9tendre et profiter de la nature :<\/p>\n<ul>\n<li><strong>Parque do Chanto :<\/strong> Un beau parc avec des aires de pique-nique et des sentiers.<\/li>\n<li><strong>Rivi\u00e8re Sarria :<\/strong> id\u00e9ale pour des promenades tranquilles le long de la rivi\u00e8re et l&rsquo;observation des oiseaux.<\/li>\n<\/ul>\n<\/div>\n\t\t\t\t<\/div>\n\t\t\t\t\t\t\t\t<\/div>\n\t\t\t\t\t\t<\/div>\n\t\t\t\t<\/div>\n\t\t\t\t\t<\/div>\n\t\t<\/div>\n\t\t\t\t\t<\/div>\n\t\t<\/section>\n\t\t\t\t<section class=\"elementor-section elementor-top-section elementor-element elementor-element-f43912c elementor-section-full_width elementor-section-height-default elementor-section-height-default\" data-id=\"f43912c\" data-element_type=\"section\" data-e-type=\"section\" data-settings=\"{&quot;background_background&quot;:&quot;classic&quot;}\">\n\t\t\t\t\t\t<div class=\"elementor-container elementor-column-gap-no\">\n\t\t\t\t\t<div class=\"elementor-column elementor-col-100 elementor-top-column elementor-element elementor-element-503317c\" data-id=\"503317c\" data-element_type=\"column\" data-e-type=\"column\">\n\t\t\t<div class=\"elementor-widget-wrap elementor-element-populated\">\n\t\t\t\t\t\t<div class=\"elementor-element elementor-element-c1456bd gallery-spacing-custom elementor-widget elementor-widget-image-gallery\" data-id=\"c1456bd\" data-element_type=\"widget\" data-e-type=\"widget\" data-widget_type=\"image-gallery.default\">\n\t\t\t\t<div class=\"elementor-widget-container\">\n\t\t\t\t\t\t\t<div class=\"elementor-image-gallery\">\n\t\t\t<div id='gallery-1' class='gallery galleryid-3054 gallery-columns-4 gallery-size-full'><figure class='gallery-item'>\n\t\t\t<div class='gallery-icon landscape'>\n\t\t\t\t<img fetchpriority=\"high\" decoding=\"async\" width=\"800\" height=\"800\" src=\"https:\/\/viviendasturisticasmardeplata.com\/wp-content\/uploads\/o-6.jpg\" class=\"attachment-full size-full\" alt=\"\" srcset=\"https:\/\/viviendasturisticasmardeplata.com\/wp-content\/uploads\/o-6.jpg 800w, https:\/\/viviendasturisticasmardeplata.com\/wp-content\/uploads\/o-6-300x300.jpg 300w, https:\/\/viviendasturisticasmardeplata.com\/wp-content\/uploads\/o-6-150x150.jpg 150w, https:\/\/viviendasturisticasmardeplata.com\/wp-content\/uploads\/o-6-768x768.jpg 768w\" sizes=\"(max-width: 800px) 100vw, 800px\" \/>\n\t\t\t<\/div><\/figure><figure class='gallery-item'>\n\t\t\t<div class='gallery-icon landscape'>\n\t\t\t\t<img decoding=\"async\" width=\"800\" height=\"800\" src=\"https:\/\/viviendasturisticasmardeplata.com\/wp-content\/uploads\/o-5.jpg\" class=\"attachment-full size-full\" alt=\"\" srcset=\"https:\/\/viviendasturisticasmardeplata.com\/wp-content\/uploads\/o-5.jpg 800w, https:\/\/viviendasturisticasmardeplata.com\/wp-content\/uploads\/o-5-300x300.jpg 300w, https:\/\/viviendasturisticasmardeplata.com\/wp-content\/uploads\/o-5-150x150.jpg 150w, https:\/\/viviendasturisticasmardeplata.com\/wp-content\/uploads\/o-5-768x768.jpg 768w\" sizes=\"(max-width: 800px) 100vw, 800px\" \/>\n\t\t\t<\/div><\/figure><figure class='gallery-item'>\n\t\t\t<div class='gallery-icon landscape'>\n\t\t\t\t<img decoding=\"async\" width=\"800\" height=\"800\" src=\"https:\/\/viviendasturisticasmardeplata.com\/wp-content\/uploads\/o-4.jpg\" class=\"attachment-full size-full\" alt=\"\" srcset=\"https:\/\/viviendasturisticasmardeplata.com\/wp-content\/uploads\/o-4.jpg 800w, https:\/\/viviendasturisticasmardeplata.com\/wp-content\/uploads\/o-4-300x300.jpg 300w, https:\/\/viviendasturisticasmardeplata.com\/wp-content\/uploads\/o-4-150x150.jpg 150w, https:\/\/viviendasturisticasmardeplata.com\/wp-content\/uploads\/o-4-768x768.jpg 768w\" sizes=\"(max-width: 800px) 100vw, 800px\" \/>\n\t\t\t<\/div><\/figure><figure class='gallery-item'>\n\t\t\t<div class='gallery-icon landscape'>\n\t\t\t\t<img loading=\"lazy\" decoding=\"async\" width=\"800\" height=\"800\" src=\"https:\/\/viviendasturisticasmardeplata.com\/wp-content\/uploads\/o-7.jpg\" class=\"attachment-full size-full\" alt=\"\" srcset=\"https:\/\/viviendasturisticasmardeplata.com\/wp-content\/uploads\/o-7.jpg 800w, https:\/\/viviendasturisticasmardeplata.com\/wp-content\/uploads\/o-7-300x300.jpg 300w, https:\/\/viviendasturisticasmardeplata.com\/wp-content\/uploads\/o-7-150x150.jpg 150w, https:\/\/viviendasturisticasmardeplata.com\/wp-content\/uploads\/o-7-768x768.jpg 768w\" sizes=\"(max-width: 800px) 100vw, 800px\" \/>\n\t\t\t<\/div><\/figure>\n\t\t<\/div>\n\t\t<\/div>\n\t\t\t\t\t\t<\/div>\n\t\t\t\t<\/div>\n\t\t\t\t\t<\/div>\n\t\t<\/div>\n\t\t\t\t\t<\/div>\n\t\t<\/section>\n\t\t\t\t<section class=\"elementor-section elementor-top-section elementor-element elementor-element-3079e38 elementor-section-boxed elementor-section-height-default elementor-section-height-default\" data-id=\"3079e38\" data-element_type=\"section\" data-e-type=\"section\">\n\t\t\t\t\t\t<div class=\"elementor-container elementor-column-gap-default\">\n\t\t\t\t\t<div class=\"elementor-column elementor-col-100 elementor-top-column elementor-element elementor-element-7fb9b1a\" data-id=\"7fb9b1a\" data-element_type=\"column\" data-e-type=\"column\">\n\t\t\t<div class=\"elementor-widget-wrap elementor-element-populated\">\n\t\t\t\t\t\t<div class=\"elementor-element elementor-element-8bfcc5e el-smalltitle pcolor elementor-widget elementor-widget-heading\" data-id=\"8bfcc5e\" data-element_type=\"widget\" data-e-type=\"widget\" data-widget_type=\"heading.default\">\n\t\t\t\t<div class=\"elementor-widget-container\">\n\t\t\t\t\t<span class=\"elementor-heading-title elementor-size-default\">Retrouvez-nous sur<\/span>\t\t\t\t<\/div>\n\t\t\t\t<\/div>\n\t\t\t\t<div class=\"elementor-element elementor-element-e078c99 elementor-widget elementor-widget-heading\" data-id=\"e078c99\" data-element_type=\"widget\" data-e-type=\"widget\" data-widget_type=\"heading.default\">\n\t\t\t\t<div class=\"elementor-widget-container\">\n\t\t\t\t\t<h2 class=\"elementor-heading-title elementor-size-default\">Nos espaces<\/h2>\t\t\t\t<\/div>\n\t\t\t\t<\/div>\n\t\t\t\t\t<\/div>\n\t\t<\/div>\n\t\t\t\t\t<\/div>\n\t\t<\/section>\n\t\t\t\t<section class=\"elementor-section elementor-top-section elementor-element elementor-element-26b5cfa elementor-section-boxed elementor-section-height-default elementor-section-height-default\" data-id=\"26b5cfa\" data-element_type=\"section\" data-e-type=\"section\">\n\t\t\t\t\t\t<div class=\"elementor-container elementor-column-gap-default\">\n\t\t\t\t\t<div class=\"elementor-column elementor-col-33 elementor-top-column elementor-element elementor-element-b6fa96b\" data-id=\"b6fa96b\" data-element_type=\"column\" data-e-type=\"column\">\n\t\t\t<div class=\"elementor-widget-wrap elementor-element-populated\">\n\t\t\t\t\t\t<div class=\"elementor-element elementor-element-4f612b7 elementor-position-inline-start pcolori-bkg lefticon elementor-view-default elementor-mobile-position-block-start elementor-widget elementor-widget-icon-box\" data-id=\"4f612b7\" data-element_type=\"widget\" data-e-type=\"widget\" data-widget_type=\"icon-box.default\">\n\t\t\t\t<div class=\"elementor-widget-container\">\n\t\t\t\t\t\t\t<div class=\"elementor-icon-box-wrapper\">\n\n\t\t\t\t\t\t<div class=\"elementor-icon-box-icon\">\n\t\t\t\t<span  class=\"elementor-icon\">\n\t\t\t\t<svg aria-hidden=\"true\" class=\"e-font-icon-svg e-fas-map-marker-alt\" viewBox=\"0 0 384 512\" xmlns=\"http:\/\/www.w3.org\/2000\/svg\"><path d=\"M172.268 501.67C26.97 291.031 0 269.413 0 192 0 85.961 85.961 0 192 0s192 85.961 192 192c0 77.413-26.97 99.031-172.268 309.67-9.535 13.774-29.93 13.773-39.464 0zM192 272c44.183 0 80-35.817 80-80s-35.817-80-80-80-80 35.817-80 80 35.817 80 80 80z\"><\/path><\/svg>\t\t\t\t<\/span>\n\t\t\t<\/div>\n\t\t\t\n\t\t\t\t\t\t<div class=\"elementor-icon-box-content\">\n\n\t\t\t\t\t\t\t\t\t<h5 class=\"elementor-icon-box-title\">\n\t\t\t\t\t\t<span  >\n\t\t\t\t\t\t\tRestaurant\t\t\t\t\t\t<\/span>\n\t\t\t\t\t<\/h5>\n\t\t\t\t\n\t\t\t\t\t\t\t\t\t<p class=\"elementor-icon-box-description\">\n\t\t\t\t\t\tR\u00faa Formigueiros, 5, 27600 Sarria, Lugo  <br>\ninfo@restaurantemardeplatasarria.com<br>\n982 530 724  <br>\n<a class=\"margin-t15 read-more-v2\" href=\"https:\/\/maps.app.goo.gl\/Fm9iKfwJxG7wFGXP8\"><a href=\"https:\/\/maps.app.goo.gl\/Fm9iKfwJxG7wFGXP8\">Comment s'y rendre<\/a><\/a>\t\t\t\t\t<\/p>\n\t\t\t\t\n\t\t\t<\/div>\n\t\t\t\n\t\t<\/div>\n\t\t\t\t\t\t<\/div>\n\t\t\t\t<\/div>\n\t\t\t\t\t<\/div>\n\t\t<\/div>\n\t\t\t\t<div class=\"elementor-column elementor-col-33 elementor-top-column elementor-element elementor-element-62ddb14\" data-id=\"62ddb14\" data-element_type=\"column\" data-e-type=\"column\">\n\t\t\t<div class=\"elementor-widget-wrap elementor-element-populated\">\n\t\t\t\t\t\t<div class=\"elementor-element elementor-element-83cc152 elementor-position-inline-start pcolori-bkg lefticon elementor-view-default elementor-mobile-position-block-start elementor-widget elementor-widget-icon-box\" data-id=\"83cc152\" data-element_type=\"widget\" data-e-type=\"widget\" data-widget_type=\"icon-box.default\">\n\t\t\t\t<div class=\"elementor-widget-container\">\n\t\t\t\t\t\t\t<div class=\"elementor-icon-box-wrapper\">\n\n\t\t\t\t\t\t<div class=\"elementor-icon-box-icon\">\n\t\t\t\t<span  class=\"elementor-icon\">\n\t\t\t\t<svg aria-hidden=\"true\" class=\"e-font-icon-svg e-fas-map-marker-alt\" viewBox=\"0 0 384 512\" xmlns=\"http:\/\/www.w3.org\/2000\/svg\"><path d=\"M172.268 501.67C26.97 291.031 0 269.413 0 192 0 85.961 85.961 0 192 0s192 85.961 192 192c0 77.413-26.97 99.031-172.268 309.67-9.535 13.774-29.93 13.773-39.464 0zM192 272c44.183 0 80-35.817 80-80s-35.817-80-80-80-80 35.817-80 80 35.817 80 80 80z\"><\/path><\/svg>\t\t\t\t<\/span>\n\t\t\t<\/div>\n\t\t\t\n\t\t\t\t\t\t<div class=\"elementor-icon-box-content\">\n\n\t\t\t\t\t\t\t\t\t<h5 class=\"elementor-icon-box-title\">\n\t\t\t\t\t\t<span  >\n\t\t\t\t\t\t\tH\u00f4tel\t\t\t\t\t\t<\/span>\n\t\t\t\t\t<\/h5>\n\t\t\t\t\n\t\t\t\t\t\t\t\t\t<p class=\"elementor-icon-box-description\">\n\t\t\t\t\t\tR\u00faa Formigueiros, 5, 27600 Sarria, Lugo  <br>\nreservas@hotelmardeplata.com\ninfo@hotelmardeplatasarria.com<br>\n982 530 724  <br>\n<a class=\"margin-t15 read-more-v2\" href=\"https:\/\/maps.app.goo.gl\/Fm9iKfwJxG7wFGXP8\"><a href=\"https:\/\/maps.app.goo.gl\/Fm9iKfwJxG7wFGXP8\">Comment s'y rendre<\/a><\/a>\t\t\t\t\t<\/p>\n\t\t\t\t\n\t\t\t<\/div>\n\t\t\t\n\t\t<\/div>\n\t\t\t\t\t\t<\/div>\n\t\t\t\t<\/div>\n\t\t\t\t\t<\/div>\n\t\t<\/div>\n\t\t\t\t<div class=\"elementor-column elementor-col-33 elementor-top-column elementor-element elementor-element-07a756a\" data-id=\"07a756a\" data-element_type=\"column\" data-e-type=\"column\">\n\t\t\t<div class=\"elementor-widget-wrap elementor-element-populated\">\n\t\t\t\t\t\t<div class=\"elementor-element elementor-element-ed3a4d2 elementor-position-inline-start pcolori-bkg lefticon elementor-view-default elementor-mobile-position-block-start elementor-widget elementor-widget-icon-box\" data-id=\"ed3a4d2\" data-element_type=\"widget\" data-e-type=\"widget\" data-widget_type=\"icon-box.default\">\n\t\t\t\t<div class=\"elementor-widget-container\">\n\t\t\t\t\t\t\t<div class=\"elementor-icon-box-wrapper\">\n\n\t\t\t\t\t\t<div class=\"elementor-icon-box-icon\">\n\t\t\t\t<span  class=\"elementor-icon\">\n\t\t\t\t<svg aria-hidden=\"true\" class=\"e-font-icon-svg e-fas-map-marker-alt\" viewBox=\"0 0 384 512\" xmlns=\"http:\/\/www.w3.org\/2000\/svg\"><path d=\"M172.268 501.67C26.97 291.031 0 269.413 0 192 0 85.961 85.961 0 192 0s192 85.961 192 192c0 77.413-26.97 99.031-172.268 309.67-9.535 13.774-29.93 13.773-39.464 0zM192 272c44.183 0 80-35.817 80-80s-35.817-80-80-80-80 35.817-80 80 35.817 80 80 80z\"><\/path><\/svg>\t\t\t\t<\/span>\n\t\t\t<\/div>\n\t\t\t\n\t\t\t\t\t\t<div class=\"elementor-icon-box-content\">\n\n\t\t\t\t\t\t\t\t\t<h5 class=\"elementor-icon-box-title\">\n\t\t\t\t\t\t<span  >\n\t\t\t\t\t\t\tmaisons de vacances\t\t\t\t\t\t<\/span>\n\t\t\t\t\t<\/h5>\n\t\t\t\t\n\t\t\t\t\t\t\t\t\t<p class=\"elementor-icon-box-description\">\n\t\t\t\t\t\tR\u00faa Formigueiros, 7, 27600 Sarria, Lugo  <br>\ninfo@apartamentosmardeplata.com<br>\n+ 34 621 423 025  <br>\n<a class=\"margin-t15 read-more-v2\" href=\"https:\/\/maps.app.goo.gl\/EiiFD9oeKbKAda6z5\">Comment s'y rendre<\/a>\t\t\t\t\t<\/p>\n\t\t\t\t\n\t\t\t<\/div>\n\t\t\t\n\t\t<\/div>\n\t\t\t\t\t\t<\/div>\n\t\t\t\t<\/div>\n\t\t\t\t\t<\/div>\n\t\t<\/div>\n\t\t\t\t\t<\/div>\n\t\t<\/section>\n\t\t\t\t<\/div>\n\t\t","protected":false},"excerpt":{"rendered":"<p>FAQ D\u00e9couvrez Sarria Sarria est une charmante municipalit\u00e9 de la province de Lugo, en Galice, qui est devenue une destination populaire tant pour les p\u00e8lerins du Camino de Santiago que pour les touristes d\u00e9sireux de profiter de sa riche histoire,&#8230;<\/p>\n","protected":false},"author":1,"featured_media":3056,"parent":0,"menu_order":0,"comment_status":"closed","ping_status":"closed","template":"templates\/template-fullscreen.php","meta":{"footnotes":""},"class_list":["post-3054","page","type-page","status-publish","has-post-thumbnail","hentry"],"acf":[],"yoast_head":"<!-- This site is optimized with the Yoast SEO plugin v27.2 - https:\/\/yoast.com\/product\/yoast-seo-wordpress\/ -->\n<title>D\u00e9couvrez - Viviendas tur\u00edsticas Mar de Plata<\/title>\n<meta name=\"robots\" content=\"index, follow, max-snippet:-1, max-image-preview:large, max-video-preview:-1\" \/>\n<link rel=\"canonical\" href=\"https:\/\/viviendasturisticasmardeplata.com\/fr\/decouvrez\/\" \/>\n<meta property=\"og:locale\" content=\"fr_FR\" \/>\n<meta property=\"og:type\" content=\"article\" \/>\n<meta property=\"og:title\" content=\"D\u00e9couvrez - Viviendas tur\u00edsticas Mar de Plata\" \/>\n<meta property=\"og:description\" content=\"FAQ D\u00e9couvrez Sarria Sarria est une charmante municipalit\u00e9 de la province de Lugo, en Galice, qui est devenue une destination populaire tant pour les p\u00e8lerins du Camino de Santiago que pour les touristes d\u00e9sireux de profiter de sa riche histoire,...\" \/>\n<meta property=\"og:url\" content=\"https:\/\/viviendasturisticasmardeplata.com\/fr\/decouvrez\/\" \/>\n<meta property=\"og:site_name\" content=\"Viviendas tur\u00edsticas Mar de Plata\" \/>\n<meta property=\"article:modified_time\" content=\"2024-07-03T05:51:53+00:00\" \/>\n<meta property=\"og:image\" content=\"https:\/\/viviendasturisticasmardeplata.com\/wp-content\/uploads\/Diseno-sin-titulo-2024-06-19T103624.875.jpg\" \/>\n\t<meta property=\"og:image:width\" content=\"1920\" \/>\n\t<meta property=\"og:image:height\" content=\"1080\" \/>\n\t<meta property=\"og:image:type\" content=\"image\/jpeg\" \/>\n<meta name=\"twitter:card\" content=\"summary_large_image\" \/>\n<meta name=\"twitter:label1\" content=\"Dur\u00e9e de lecture estim\u00e9e\" \/>\n\t<meta name=\"twitter:data1\" content=\"3 minutes\" \/>\n<script type=\"application\/ld+json\" class=\"yoast-schema-graph\">{\"@context\":\"https:\/\/schema.org\",\"@graph\":[{\"@type\":\"WebPage\",\"@id\":\"https:\/\/viviendasturisticasmardeplata.com\/fr\/decouvrez\/\",\"url\":\"https:\/\/viviendasturisticasmardeplata.com\/fr\/decouvrez\/\",\"name\":\"D\u00e9couvrez - Viviendas tur\u00edsticas Mar de Plata\",\"isPartOf\":{\"@id\":\"https:\/\/viviendasturisticasmardeplata.com\/fr\/#website\"},\"primaryImageOfPage\":{\"@id\":\"https:\/\/viviendasturisticasmardeplata.com\/fr\/decouvrez\/#primaryimage\"},\"image\":{\"@id\":\"https:\/\/viviendasturisticasmardeplata.com\/fr\/decouvrez\/#primaryimage\"},\"thumbnailUrl\":\"https:\/\/viviendasturisticasmardeplata.com\/wp-content\/uploads\/Diseno-sin-titulo-2024-06-19T103624.875.jpg\",\"datePublished\":\"2022-11-04T15:34:49+00:00\",\"dateModified\":\"2024-07-03T05:51:53+00:00\",\"breadcrumb\":{\"@id\":\"https:\/\/viviendasturisticasmardeplata.com\/fr\/decouvrez\/#breadcrumb\"},\"inLanguage\":\"fr-FR\",\"potentialAction\":[{\"@type\":\"ReadAction\",\"target\":[\"https:\/\/viviendasturisticasmardeplata.com\/fr\/decouvrez\/\"]}]},{\"@type\":\"ImageObject\",\"inLanguage\":\"fr-FR\",\"@id\":\"https:\/\/viviendasturisticasmardeplata.com\/fr\/decouvrez\/#primaryimage\",\"url\":\"https:\/\/viviendasturisticasmardeplata.com\/wp-content\/uploads\/Diseno-sin-titulo-2024-06-19T103624.875.jpg\",\"contentUrl\":\"https:\/\/viviendasturisticasmardeplata.com\/wp-content\/uploads\/Diseno-sin-titulo-2024-06-19T103624.875.jpg\",\"width\":1920,\"height\":1080},{\"@type\":\"BreadcrumbList\",\"@id\":\"https:\/\/viviendasturisticasmardeplata.com\/fr\/decouvrez\/#breadcrumb\",\"itemListElement\":[{\"@type\":\"ListItem\",\"position\":1,\"name\":\"Portada\",\"item\":\"https:\/\/viviendasturisticasmardeplata.com\/fr\/accueil\/\"},{\"@type\":\"ListItem\",\"position\":2,\"name\":\"D\u00e9couvrez\"}]},{\"@type\":\"WebSite\",\"@id\":\"https:\/\/viviendasturisticasmardeplata.com\/fr\/#website\",\"url\":\"https:\/\/viviendasturisticasmardeplata.com\/fr\/\",\"name\":\"Viviendas tur\u00edsticas Mar de Plata\",\"description\":\"Viviendas tur\u00edsticas en Sarria - Mar de Plata\",\"publisher\":{\"@id\":\"https:\/\/viviendasturisticasmardeplata.com\/fr\/#organization\"},\"potentialAction\":[{\"@type\":\"SearchAction\",\"target\":{\"@type\":\"EntryPoint\",\"urlTemplate\":\"https:\/\/viviendasturisticasmardeplata.com\/fr\/?s={search_term_string}\"},\"query-input\":{\"@type\":\"PropertyValueSpecification\",\"valueRequired\":true,\"valueName\":\"search_term_string\"}}],\"inLanguage\":\"fr-FR\"},{\"@type\":\"Organization\",\"@id\":\"https:\/\/viviendasturisticasmardeplata.com\/fr\/#organization\",\"name\":\"Viviendas tur\u00edsticas Mar de Plata\",\"url\":\"https:\/\/viviendasturisticasmardeplata.com\/fr\/\",\"logo\":{\"@type\":\"ImageObject\",\"inLanguage\":\"fr-FR\",\"@id\":\"https:\/\/viviendasturisticasmardeplata.com\/fr\/#\/schema\/logo\/image\/\",\"url\":\"https:\/\/viviendasturisticasmardeplata.com\/wp-content\/uploads\/APARTAMENTOS.jpg\",\"contentUrl\":\"https:\/\/viviendasturisticasmardeplata.com\/wp-content\/uploads\/APARTAMENTOS.jpg\",\"width\":170,\"height\":130,\"caption\":\"Viviendas tur\u00edsticas Mar de Plata\"},\"image\":{\"@id\":\"https:\/\/viviendasturisticasmardeplata.com\/fr\/#\/schema\/logo\/image\/\"}}]}<\/script>\n<!-- \/ Yoast SEO plugin. -->","yoast_head_json":{"title":"D\u00e9couvrez - Viviendas tur\u00edsticas Mar de Plata","robots":{"index":"index","follow":"follow","max-snippet":"max-snippet:-1","max-image-preview":"max-image-preview:large","max-video-preview":"max-video-preview:-1"},"canonical":"https:\/\/viviendasturisticasmardeplata.com\/fr\/decouvrez\/","og_locale":"fr_FR","og_type":"article","og_title":"D\u00e9couvrez - Viviendas tur\u00edsticas Mar de Plata","og_description":"FAQ D\u00e9couvrez Sarria Sarria est une charmante municipalit\u00e9 de la province de Lugo, en Galice, qui est devenue une destination populaire tant pour les p\u00e8lerins du Camino de Santiago que pour les touristes d\u00e9sireux de profiter de sa riche histoire,...","og_url":"https:\/\/viviendasturisticasmardeplata.com\/fr\/decouvrez\/","og_site_name":"Viviendas tur\u00edsticas Mar de Plata","article_modified_time":"2024-07-03T05:51:53+00:00","og_image":[{"width":1920,"height":1080,"url":"https:\/\/viviendasturisticasmardeplata.com\/wp-content\/uploads\/Diseno-sin-titulo-2024-06-19T103624.875.jpg","type":"image\/jpeg"}],"twitter_card":"summary_large_image","twitter_misc":{"Dur\u00e9e de lecture estim\u00e9e":"3 minutes"},"schema":{"@context":"https:\/\/schema.org","@graph":[{"@type":"WebPage","@id":"https:\/\/viviendasturisticasmardeplata.com\/fr\/decouvrez\/","url":"https:\/\/viviendasturisticasmardeplata.com\/fr\/decouvrez\/","name":"D\u00e9couvrez - Viviendas tur\u00edsticas Mar de Plata","isPartOf":{"@id":"https:\/\/viviendasturisticasmardeplata.com\/fr\/#website"},"primaryImageOfPage":{"@id":"https:\/\/viviendasturisticasmardeplata.com\/fr\/decouvrez\/#primaryimage"},"image":{"@id":"https:\/\/viviendasturisticasmardeplata.com\/fr\/decouvrez\/#primaryimage"},"thumbnailUrl":"https:\/\/viviendasturisticasmardeplata.com\/wp-content\/uploads\/Diseno-sin-titulo-2024-06-19T103624.875.jpg","datePublished":"2022-11-04T15:34:49+00:00","dateModified":"2024-07-03T05:51:53+00:00","breadcrumb":{"@id":"https:\/\/viviendasturisticasmardeplata.com\/fr\/decouvrez\/#breadcrumb"},"inLanguage":"fr-FR","potentialAction":[{"@type":"ReadAction","target":["https:\/\/viviendasturisticasmardeplata.com\/fr\/decouvrez\/"]}]},{"@type":"ImageObject","inLanguage":"fr-FR","@id":"https:\/\/viviendasturisticasmardeplata.com\/fr\/decouvrez\/#primaryimage","url":"https:\/\/viviendasturisticasmardeplata.com\/wp-content\/uploads\/Diseno-sin-titulo-2024-06-19T103624.875.jpg","contentUrl":"https:\/\/viviendasturisticasmardeplata.com\/wp-content\/uploads\/Diseno-sin-titulo-2024-06-19T103624.875.jpg","width":1920,"height":1080},{"@type":"BreadcrumbList","@id":"https:\/\/viviendasturisticasmardeplata.com\/fr\/decouvrez\/#breadcrumb","itemListElement":[{"@type":"ListItem","position":1,"name":"Portada","item":"https:\/\/viviendasturisticasmardeplata.com\/fr\/accueil\/"},{"@type":"ListItem","position":2,"name":"D\u00e9couvrez"}]},{"@type":"WebSite","@id":"https:\/\/viviendasturisticasmardeplata.com\/fr\/#website","url":"https:\/\/viviendasturisticasmardeplata.com\/fr\/","name":"Viviendas tur\u00edsticas Mar de Plata","description":"Viviendas tur\u00edsticas en Sarria - Mar de Plata","publisher":{"@id":"https:\/\/viviendasturisticasmardeplata.com\/fr\/#organization"},"potentialAction":[{"@type":"SearchAction","target":{"@type":"EntryPoint","urlTemplate":"https:\/\/viviendasturisticasmardeplata.com\/fr\/?s={search_term_string}"},"query-input":{"@type":"PropertyValueSpecification","valueRequired":true,"valueName":"search_term_string"}}],"inLanguage":"fr-FR"},{"@type":"Organization","@id":"https:\/\/viviendasturisticasmardeplata.com\/fr\/#organization","name":"Viviendas tur\u00edsticas Mar de Plata","url":"https:\/\/viviendasturisticasmardeplata.com\/fr\/","logo":{"@type":"ImageObject","inLanguage":"fr-FR","@id":"https:\/\/viviendasturisticasmardeplata.com\/fr\/#\/schema\/logo\/image\/","url":"https:\/\/viviendasturisticasmardeplata.com\/wp-content\/uploads\/APARTAMENTOS.jpg","contentUrl":"https:\/\/viviendasturisticasmardeplata.com\/wp-content\/uploads\/APARTAMENTOS.jpg","width":170,"height":130,"caption":"Viviendas tur\u00edsticas Mar de Plata"},"image":{"@id":"https:\/\/viviendasturisticasmardeplata.com\/fr\/#\/schema\/logo\/image\/"}}]}},"_links":{"self":[{"href":"https:\/\/viviendasturisticasmardeplata.com\/fr\/wp-json\/wp\/v2\/pages\/3054","targetHints":{"allow":["GET"]}}],"collection":[{"href":"https:\/\/viviendasturisticasmardeplata.com\/fr\/wp-json\/wp\/v2\/pages"}],"about":[{"href":"https:\/\/viviendasturisticasmardeplata.com\/fr\/wp-json\/wp\/v2\/types\/page"}],"author":[{"embeddable":true,"href":"https:\/\/viviendasturisticasmardeplata.com\/fr\/wp-json\/wp\/v2\/users\/1"}],"replies":[{"embeddable":true,"href":"https:\/\/viviendasturisticasmardeplata.com\/fr\/wp-json\/wp\/v2\/comments?post=3054"}],"version-history":[{"count":0,"href":"https:\/\/viviendasturisticasmardeplata.com\/fr\/wp-json\/wp\/v2\/pages\/3054\/revisions"}],"wp:featuredmedia":[{"embeddable":true,"href":"https:\/\/viviendasturisticasmardeplata.com\/fr\/wp-json\/wp\/v2\/media\/3056"}],"wp:attachment":[{"href":"https:\/\/viviendasturisticasmardeplata.com\/fr\/wp-json\/wp\/v2\/media?parent=3054"}],"curies":[{"name":"wp","href":"https:\/\/api.w.org\/{rel}","templated":true}]}}