{"id":3065,"date":"2022-11-04T15:34:49","date_gmt":"2022-11-04T15:34:49","guid":{"rendered":"https:\/\/viviendasturisticasmardeplata.com\/scoprire\/"},"modified":"2024-07-03T05:51:47","modified_gmt":"2024-07-03T05:51:47","slug":"scoprire","status":"publish","type":"page","link":"https:\/\/viviendasturisticasmardeplata.com\/it\/scoprire\/","title":{"rendered":"Scoprire"},"content":{"rendered":"\t\t<div data-elementor-type=\"wp-page\" data-elementor-id=\"3065\" class=\"elementor elementor-3065 elementor-646\">\n\t\t\t\t\t\t<section class=\"elementor-section elementor-top-section elementor-element elementor-element-81d0cae elementor-section-boxed elementor-section-height-default elementor-section-height-default\" data-id=\"81d0cae\" data-element_type=\"section\" data-e-type=\"section\">\n\t\t\t\t\t\t<div class=\"elementor-container elementor-column-gap-default\">\n\t\t\t\t\t<div class=\"elementor-column elementor-col-50 elementor-top-column elementor-element elementor-element-caf3749\" data-id=\"caf3749\" data-element_type=\"column\" data-e-type=\"column\">\n\t\t\t<div class=\"elementor-widget-wrap elementor-element-populated\">\n\t\t\t\t\t\t<div class=\"elementor-element elementor-element-3cb1e73 el-smalltitle pcolor elementor-widget elementor-widget-heading\" data-id=\"3cb1e73\" data-element_type=\"widget\" data-e-type=\"widget\" data-widget_type=\"heading.default\">\n\t\t\t\t<div class=\"elementor-widget-container\">\n\t\t\t\t\t<span class=\"elementor-heading-title elementor-size-default\">DOMANDE FREQUENTI<\/span>\t\t\t\t<\/div>\n\t\t\t\t<\/div>\n\t\t\t\t<div class=\"elementor-element elementor-element-a6dcdd1 elementor-widget elementor-widget-heading\" data-id=\"a6dcdd1\" data-element_type=\"widget\" data-e-type=\"widget\" data-widget_type=\"heading.default\">\n\t\t\t\t<div class=\"elementor-widget-container\">\n\t\t\t\t\t<h2 class=\"elementor-heading-title elementor-size-default\">Scoprire Sarria<\/h2>\t\t\t\t<\/div>\n\t\t\t\t<\/div>\n\t\t\t\t<div class=\"elementor-element elementor-element-8aed585 elementor-widget elementor-widget-text-editor\" data-id=\"8aed585\" data-element_type=\"widget\" data-e-type=\"widget\" data-widget_type=\"text-editor.default\">\n\t\t\t\t<div class=\"elementor-widget-container\">\n\t\t\t\t\t\t\t\t\t<p>Sarria \u00e8 un incantevole comune della provincia di Lugo, in Galizia, che \u00e8 diventato una destinazione popolare sia per i pellegrini che percorrono il Cammino di Santiago sia per i turisti che vogliono godersi la sua ricca storia, cultura e natura. Qui di seguito troverai le risposte alle domande pi\u00f9 frequenti sulle cose migliori da vedere e da fare a Sarria.<\/p>\n\t\t\t\t\t\t\t\t<\/div>\n\t\t\t\t<\/div>\n\t\t\t\t<section class=\"elementor-section elementor-inner-section elementor-element elementor-element-832dac9 elementor-hidden-mobile el-inner-section elementor-section-boxed elementor-section-height-default elementor-section-height-default\" data-id=\"832dac9\" data-element_type=\"section\" data-e-type=\"section\">\n\t\t\t\t\t\t<div class=\"elementor-container elementor-column-gap-default\">\n\t\t\t\t\t<div class=\"elementor-column elementor-col-50 elementor-inner-column elementor-element elementor-element-e2d78d9\" data-id=\"e2d78d9\" data-element_type=\"column\" data-e-type=\"column\">\n\t\t\t<div class=\"elementor-widget-wrap elementor-element-populated\">\n\t\t\t\t\t\t<div class=\"elementor-element elementor-element-a798322 elementor-widget elementor-widget-image\" data-id=\"a798322\" data-element_type=\"widget\" data-e-type=\"widget\" data-widget_type=\"image.default\">\n\t\t\t\t<div class=\"elementor-widget-container\">\n\t\t\t\t\t\t\t\t\t\t\t\t\t\t\t<img decoding=\"async\" src=\"https:\/\/viviendasturisticasmardeplata.com\/wp-content\/uploads\/page-p1.jpg\" title=\"\" alt=\"\" loading=\"lazy\" \/>\t\t\t\t\t\t\t\t\t\t\t\t\t\t\t<\/div>\n\t\t\t\t<\/div>\n\t\t\t\t\t<\/div>\n\t\t<\/div>\n\t\t\t\t<div class=\"elementor-column elementor-col-50 elementor-inner-column elementor-element elementor-element-4073b70\" data-id=\"4073b70\" data-element_type=\"column\" data-e-type=\"column\">\n\t\t\t<div class=\"elementor-widget-wrap elementor-element-populated\">\n\t\t\t\t\t\t<div class=\"elementor-element elementor-element-d7f9b21 elementor-widget elementor-widget-image\" data-id=\"d7f9b21\" data-element_type=\"widget\" data-e-type=\"widget\" data-widget_type=\"image.default\">\n\t\t\t\t<div class=\"elementor-widget-container\">\n\t\t\t\t\t\t\t\t\t\t\t\t\t\t\t<img decoding=\"async\" src=\"https:\/\/viviendasturisticasmardeplata.com\/wp-content\/uploads\/pricing-p1.jpg\" title=\"\" alt=\"\" loading=\"lazy\" \/>\t\t\t\t\t\t\t\t\t\t\t\t\t\t\t<\/div>\n\t\t\t\t<\/div>\n\t\t\t\t\t<\/div>\n\t\t<\/div>\n\t\t\t\t\t<\/div>\n\t\t<\/section>\n\t\t\t\t\t<\/div>\n\t\t<\/div>\n\t\t\t\t<div class=\"elementor-column elementor-col-50 elementor-top-column elementor-element elementor-element-121aeae\" data-id=\"121aeae\" data-element_type=\"column\" data-e-type=\"column\">\n\t\t\t<div class=\"elementor-widget-wrap elementor-element-populated\">\n\t\t\t\t\t\t<div class=\"elementor-element elementor-element-2137714 mt-accordion elementor-widget elementor-widget-toggle\" data-id=\"2137714\" data-element_type=\"widget\" data-e-type=\"widget\" data-widget_type=\"toggle.default\">\n\t\t\t\t<div class=\"elementor-widget-container\">\n\t\t\t\t\t\t\t<div class=\"elementor-toggle\">\n\t\t\t\t\t\t\t<div class=\"elementor-toggle-item\">\n\t\t\t\t\t<h3 id=\"elementor-tab-title-3481\" class=\"elementor-tab-title\" data-tab=\"1\" role=\"button\" aria-controls=\"elementor-tab-content-3481\" aria-expanded=\"false\">\n\t\t\t\t\t\t\t\t\t\t\t\t<span class=\"elementor-toggle-icon elementor-toggle-icon-left\" aria-hidden=\"true\">\n\t\t\t\t\t\t\t\t\t\t\t\t\t\t\t<span class=\"elementor-toggle-icon-closed\"><svg class=\"e-font-icon-svg e-fas-plus\" viewBox=\"0 0 448 512\" xmlns=\"http:\/\/www.w3.org\/2000\/svg\"><path d=\"M416 208H272V64c0-17.67-14.33-32-32-32h-32c-17.67 0-32 14.33-32 32v144H32c-17.67 0-32 14.33-32 32v32c0 17.67 14.33 32 32 32h144v144c0 17.67 14.33 32 32 32h32c17.67 0 32-14.33 32-32V304h144c17.67 0 32-14.33 32-32v-32c0-17.67-14.33-32-32-32z\"><\/path><\/svg><\/span>\n\t\t\t\t\t\t\t\t<span class=\"elementor-toggle-icon-opened\"><svg class=\"elementor-toggle-icon-opened e-font-icon-svg e-fas-minus\" viewBox=\"0 0 448 512\" xmlns=\"http:\/\/www.w3.org\/2000\/svg\"><path d=\"M416 208H32c-17.67 0-32 14.33-32 32v32c0 17.67 14.33 32 32 32h384c17.67 0 32-14.33 32-32v-32c0-17.67-14.33-32-32-32z\"><\/path><\/svg><\/span>\n\t\t\t\t\t\t\t\t\t\t\t\t\t<\/span>\n\t\t\t\t\t\t\t\t\t\t\t\t<a class=\"elementor-toggle-title\" tabindex=\"0\">Quali luoghi storici posso visitare a Sarria?<\/a>\n\t\t\t\t\t<\/h3>\n\n\t\t\t\t\t<div id=\"elementor-tab-content-3481\" class=\"elementor-tab-content elementor-clearfix\" data-tab=\"1\" role=\"region\" aria-labelledby=\"elementor-tab-title-3481\"><p>A Sarria ci sono molti siti storici che vale la pena visitare. Alcuni dei punti salienti sono:<\/p>\n<ul>\n<li><strong>Monastero di La Magdalena:<\/strong> un bellissimo monastero del XIII secolo che attualmente funge da ostello per i pellegrini.<\/li>\n<li><strong>Chiesa di Santa Marina:<\/strong> chiesa del XII secolo dall&#8217;imponente architettura romanica.<\/li>\n<li><strong>Castello di Sarria:<\/strong> sebbene in rovina, questo castello medievale offre una vista panoramica della citt\u00e0 ed \u00e8 un punto di interesse storico.<\/li>\n<\/ul>\n<\/div>\n\t\t\t\t<\/div>\n\t\t\t\t\t\t\t<div class=\"elementor-toggle-item\">\n\t\t\t\t\t<h3 id=\"elementor-tab-title-3482\" class=\"elementor-tab-title\" data-tab=\"2\" role=\"button\" aria-controls=\"elementor-tab-content-3482\" aria-expanded=\"false\">\n\t\t\t\t\t\t\t\t\t\t\t\t<span class=\"elementor-toggle-icon elementor-toggle-icon-left\" aria-hidden=\"true\">\n\t\t\t\t\t\t\t\t\t\t\t\t\t\t\t<span class=\"elementor-toggle-icon-closed\"><svg class=\"e-font-icon-svg e-fas-plus\" viewBox=\"0 0 448 512\" xmlns=\"http:\/\/www.w3.org\/2000\/svg\"><path d=\"M416 208H272V64c0-17.67-14.33-32-32-32h-32c-17.67 0-32 14.33-32 32v144H32c-17.67 0-32 14.33-32 32v32c0 17.67 14.33 32 32 32h144v144c0 17.67 14.33 32 32 32h32c17.67 0 32-14.33 32-32V304h144c17.67 0 32-14.33 32-32v-32c0-17.67-14.33-32-32-32z\"><\/path><\/svg><\/span>\n\t\t\t\t\t\t\t\t<span class=\"elementor-toggle-icon-opened\"><svg class=\"elementor-toggle-icon-opened e-font-icon-svg e-fas-minus\" viewBox=\"0 0 448 512\" xmlns=\"http:\/\/www.w3.org\/2000\/svg\"><path d=\"M416 208H32c-17.67 0-32 14.33-32 32v32c0 17.67 14.33 32 32 32h384c17.67 0 32-14.33 32-32v-32c0-17.67-14.33-32-32-32z\"><\/path><\/svg><\/span>\n\t\t\t\t\t\t\t\t\t\t\t\t\t<\/span>\n\t\t\t\t\t\t\t\t\t\t\t\t<a class=\"elementor-toggle-title\" tabindex=\"0\">Quali attivit\u00e0 all'aperto si possono fare a Sarria?<\/a>\n\t\t\t\t\t<\/h3>\n\n\t\t\t\t\t<div id=\"elementor-tab-content-3482\" class=\"elementor-tab-content elementor-clearfix\" data-tab=\"2\" role=\"region\" aria-labelledby=\"elementor-tab-title-3482\"><p>Sarria \u00e8 il luogo ideale per praticare attivit\u00e0 all&#8217;aperto. Alcune opzioni includono:<\/p>\n<ul>\n<li><strong>Escursioni:<\/strong> Ci sono numerosi percorsi di trekking, tra cui alcuni tratti del Cammino di Santiago.<\/li>\n<li><strong>Gite in bicicletta:<\/strong> goditi gli splendidi paesaggi della Galizia in bicicletta.<\/li>\n<li><strong>Pesca:<\/strong> i fiumi della regione sono perfetti per la pesca sportiva.<\/li>\n<\/ul>\n<\/div>\n\t\t\t\t<\/div>\n\t\t\t\t\t\t\t<div class=\"elementor-toggle-item\">\n\t\t\t\t\t<h3 id=\"elementor-tab-title-3483\" class=\"elementor-tab-title\" data-tab=\"3\" role=\"button\" aria-controls=\"elementor-tab-content-3483\" aria-expanded=\"false\">\n\t\t\t\t\t\t\t\t\t\t\t\t<span class=\"elementor-toggle-icon elementor-toggle-icon-left\" aria-hidden=\"true\">\n\t\t\t\t\t\t\t\t\t\t\t\t\t\t\t<span class=\"elementor-toggle-icon-closed\"><svg class=\"e-font-icon-svg e-fas-plus\" viewBox=\"0 0 448 512\" xmlns=\"http:\/\/www.w3.org\/2000\/svg\"><path d=\"M416 208H272V64c0-17.67-14.33-32-32-32h-32c-17.67 0-32 14.33-32 32v144H32c-17.67 0-32 14.33-32 32v32c0 17.67 14.33 32 32 32h144v144c0 17.67 14.33 32 32 32h32c17.67 0 32-14.33 32-32V304h144c17.67 0 32-14.33 32-32v-32c0-17.67-14.33-32-32-32z\"><\/path><\/svg><\/span>\n\t\t\t\t\t\t\t\t<span class=\"elementor-toggle-icon-opened\"><svg class=\"elementor-toggle-icon-opened e-font-icon-svg e-fas-minus\" viewBox=\"0 0 448 512\" xmlns=\"http:\/\/www.w3.org\/2000\/svg\"><path d=\"M416 208H32c-17.67 0-32 14.33-32 32v32c0 17.67 14.33 32 32 32h384c17.67 0 32-14.33 32-32v-32c0-17.67-14.33-32-32-32z\"><\/path><\/svg><\/span>\n\t\t\t\t\t\t\t\t\t\t\t\t\t<\/span>\n\t\t\t\t\t\t\t\t\t\t\t\t<a class=\"elementor-toggle-title\" tabindex=\"0\">Ci sono eventi culturali e feste a Sarria?<\/a>\n\t\t\t\t\t<\/h3>\n\n\t\t\t\t\t<div id=\"elementor-tab-content-3483\" class=\"elementor-tab-content elementor-clearfix\" data-tab=\"3\" role=\"region\" aria-labelledby=\"elementor-tab-title-3483\"><p>S\u00ec, la Sarria ha un ricco programma di eventi culturali e feste durante tutto l&#8217;anno. Alcuni dei pi\u00f9 importanti sono:<\/p>\n<ul>\n<li><strong>Fiestas de San Juan: si<\/strong> celebrano a giugno, con fal\u00f2, musica e danze tradizionali.<\/li>\n<li><strong>Fiera dell&#8217;antiquariato:<\/strong> Un evento mensile in cui puoi trovare oggetti di antiquariato e artigianato locale.<\/li>\n<li><strong>Settimana Santa:<\/strong> processioni religiose che attirano molti visitatori.<\/li>\n<\/ul>\n<\/div>\n\t\t\t\t<\/div>\n\t\t\t\t\t\t\t<div class=\"elementor-toggle-item\">\n\t\t\t\t\t<h3 id=\"elementor-tab-title-3484\" class=\"elementor-tab-title\" data-tab=\"4\" role=\"button\" aria-controls=\"elementor-tab-content-3484\" aria-expanded=\"false\">\n\t\t\t\t\t\t\t\t\t\t\t\t<span class=\"elementor-toggle-icon elementor-toggle-icon-left\" aria-hidden=\"true\">\n\t\t\t\t\t\t\t\t\t\t\t\t\t\t\t<span class=\"elementor-toggle-icon-closed\"><svg class=\"e-font-icon-svg e-fas-plus\" viewBox=\"0 0 448 512\" xmlns=\"http:\/\/www.w3.org\/2000\/svg\"><path d=\"M416 208H272V64c0-17.67-14.33-32-32-32h-32c-17.67 0-32 14.33-32 32v144H32c-17.67 0-32 14.33-32 32v32c0 17.67 14.33 32 32 32h144v144c0 17.67 14.33 32 32 32h32c17.67 0 32-14.33 32-32V304h144c17.67 0 32-14.33 32-32v-32c0-17.67-14.33-32-32-32z\"><\/path><\/svg><\/span>\n\t\t\t\t\t\t\t\t<span class=\"elementor-toggle-icon-opened\"><svg class=\"elementor-toggle-icon-opened e-font-icon-svg e-fas-minus\" viewBox=\"0 0 448 512\" xmlns=\"http:\/\/www.w3.org\/2000\/svg\"><path d=\"M416 208H32c-17.67 0-32 14.33-32 32v32c0 17.67 14.33 32 32 32h384c17.67 0 32-14.33 32-32v-32c0-17.67-14.33-32-32-32z\"><\/path><\/svg><\/span>\n\t\t\t\t\t\t\t\t\t\t\t\t\t<\/span>\n\t\t\t\t\t\t\t\t\t\t\t\t<a class=\"elementor-toggle-title\" tabindex=\"0\">Quali sono i migliori itinerari del Cammino di Santiago da Sarria?<\/a>\n\t\t\t\t\t<\/h3>\n\n\t\t\t\t\t<div id=\"elementor-tab-content-3484\" class=\"elementor-tab-content elementor-clearfix\" data-tab=\"4\" role=\"region\" aria-labelledby=\"elementor-tab-title-3484\"><p>Sarria \u00e8 uno dei punti di partenza pi\u00f9 popolari per il Cammino di Santiago grazie alla sua posizione strategica. I percorsi pi\u00f9 consigliati sono:<\/p>\n<ul>\n<li><strong>Itinerario francese:<\/strong> l&#8217;itinerario pi\u00f9 famoso e pi\u00f9 percorso, noto per la sua bellezza e il suo patrimonio storico.<\/li>\n<li><strong>Camino Primitivo:<\/strong> un percorso pi\u00f9 impegnativo che offre scenari mozzafiato e paesaggi meno affollati.<\/li>\n<\/ul>\n<\/div>\n\t\t\t\t<\/div>\n\t\t\t\t\t\t\t<div class=\"elementor-toggle-item\">\n\t\t\t\t\t<h3 id=\"elementor-tab-title-3485\" class=\"elementor-tab-title\" data-tab=\"5\" role=\"button\" aria-controls=\"elementor-tab-content-3485\" aria-expanded=\"false\">\n\t\t\t\t\t\t\t\t\t\t\t\t<span class=\"elementor-toggle-icon elementor-toggle-icon-left\" aria-hidden=\"true\">\n\t\t\t\t\t\t\t\t\t\t\t\t\t\t\t<span class=\"elementor-toggle-icon-closed\"><svg class=\"e-font-icon-svg e-fas-plus\" viewBox=\"0 0 448 512\" xmlns=\"http:\/\/www.w3.org\/2000\/svg\"><path d=\"M416 208H272V64c0-17.67-14.33-32-32-32h-32c-17.67 0-32 14.33-32 32v144H32c-17.67 0-32 14.33-32 32v32c0 17.67 14.33 32 32 32h144v144c0 17.67 14.33 32 32 32h32c17.67 0 32-14.33 32-32V304h144c17.67 0 32-14.33 32-32v-32c0-17.67-14.33-32-32-32z\"><\/path><\/svg><\/span>\n\t\t\t\t\t\t\t\t<span class=\"elementor-toggle-icon-opened\"><svg class=\"elementor-toggle-icon-opened e-font-icon-svg e-fas-minus\" viewBox=\"0 0 448 512\" xmlns=\"http:\/\/www.w3.org\/2000\/svg\"><path d=\"M416 208H32c-17.67 0-32 14.33-32 32v32c0 17.67 14.33 32 32 32h384c17.67 0 32-14.33 32-32v-32c0-17.67-14.33-32-32-32z\"><\/path><\/svg><\/span>\n\t\t\t\t\t\t\t\t\t\t\t\t\t<\/span>\n\t\t\t\t\t\t\t\t\t\t\t\t<a class=\"elementor-toggle-title\" tabindex=\"0\">  Ci sono parchi e aree naturali a Sarria?<\/a>\n\t\t\t\t\t<\/h3>\n\n\t\t\t\t\t<div id=\"elementor-tab-content-3485\" class=\"elementor-tab-content elementor-clearfix\" data-tab=\"5\" role=\"region\" aria-labelledby=\"elementor-tab-title-3485\"><p>S\u00ec, Sarria ha diversi parchi e aree naturali che sono perfetti per rilassarsi e godersi la natura, come ad esempio:<\/p>\n<ul>\n<li><strong>Parque do Chanto:<\/strong> Un bellissimo parco con aree picnic e sentieri.<\/li>\n<li><strong>Fiume Sarria:<\/strong> ideale per tranquille passeggiate lungo il fiume e per il birdwatching.<\/li>\n<\/ul>\n<\/div>\n\t\t\t\t<\/div>\n\t\t\t\t\t\t\t\t<\/div>\n\t\t\t\t\t\t<\/div>\n\t\t\t\t<\/div>\n\t\t\t\t\t<\/div>\n\t\t<\/div>\n\t\t\t\t\t<\/div>\n\t\t<\/section>\n\t\t\t\t<section class=\"elementor-section elementor-top-section elementor-element elementor-element-f43912c elementor-section-full_width elementor-section-height-default elementor-section-height-default\" data-id=\"f43912c\" data-element_type=\"section\" data-e-type=\"section\" data-settings=\"{&quot;background_background&quot;:&quot;classic&quot;}\">\n\t\t\t\t\t\t<div class=\"elementor-container elementor-column-gap-no\">\n\t\t\t\t\t<div class=\"elementor-column elementor-col-100 elementor-top-column elementor-element elementor-element-503317c\" data-id=\"503317c\" data-element_type=\"column\" data-e-type=\"column\">\n\t\t\t<div class=\"elementor-widget-wrap elementor-element-populated\">\n\t\t\t\t\t\t<div class=\"elementor-element elementor-element-c1456bd gallery-spacing-custom elementor-widget elementor-widget-image-gallery\" data-id=\"c1456bd\" data-element_type=\"widget\" data-e-type=\"widget\" data-widget_type=\"image-gallery.default\">\n\t\t\t\t<div class=\"elementor-widget-container\">\n\t\t\t\t\t\t\t<div class=\"elementor-image-gallery\">\n\t\t\t<div id='gallery-1' class='gallery galleryid-3065 gallery-columns-4 gallery-size-full'><figure class='gallery-item'>\n\t\t\t<div class='gallery-icon landscape'>\n\t\t\t\t<img fetchpriority=\"high\" decoding=\"async\" width=\"800\" height=\"800\" src=\"https:\/\/viviendasturisticasmardeplata.com\/wp-content\/uploads\/o-6.jpg\" class=\"attachment-full size-full\" alt=\"\" srcset=\"https:\/\/viviendasturisticasmardeplata.com\/wp-content\/uploads\/o-6.jpg 800w, https:\/\/viviendasturisticasmardeplata.com\/wp-content\/uploads\/o-6-300x300.jpg 300w, https:\/\/viviendasturisticasmardeplata.com\/wp-content\/uploads\/o-6-150x150.jpg 150w, https:\/\/viviendasturisticasmardeplata.com\/wp-content\/uploads\/o-6-768x768.jpg 768w\" sizes=\"(max-width: 800px) 100vw, 800px\" \/>\n\t\t\t<\/div><\/figure><figure class='gallery-item'>\n\t\t\t<div class='gallery-icon landscape'>\n\t\t\t\t<img decoding=\"async\" width=\"800\" height=\"800\" src=\"https:\/\/viviendasturisticasmardeplata.com\/wp-content\/uploads\/o-5.jpg\" class=\"attachment-full size-full\" alt=\"\" srcset=\"https:\/\/viviendasturisticasmardeplata.com\/wp-content\/uploads\/o-5.jpg 800w, https:\/\/viviendasturisticasmardeplata.com\/wp-content\/uploads\/o-5-300x300.jpg 300w, https:\/\/viviendasturisticasmardeplata.com\/wp-content\/uploads\/o-5-150x150.jpg 150w, https:\/\/viviendasturisticasmardeplata.com\/wp-content\/uploads\/o-5-768x768.jpg 768w\" sizes=\"(max-width: 800px) 100vw, 800px\" \/>\n\t\t\t<\/div><\/figure><figure class='gallery-item'>\n\t\t\t<div class='gallery-icon landscape'>\n\t\t\t\t<img decoding=\"async\" width=\"800\" height=\"800\" src=\"https:\/\/viviendasturisticasmardeplata.com\/wp-content\/uploads\/o-4.jpg\" class=\"attachment-full size-full\" alt=\"\" srcset=\"https:\/\/viviendasturisticasmardeplata.com\/wp-content\/uploads\/o-4.jpg 800w, https:\/\/viviendasturisticasmardeplata.com\/wp-content\/uploads\/o-4-300x300.jpg 300w, https:\/\/viviendasturisticasmardeplata.com\/wp-content\/uploads\/o-4-150x150.jpg 150w, https:\/\/viviendasturisticasmardeplata.com\/wp-content\/uploads\/o-4-768x768.jpg 768w\" sizes=\"(max-width: 800px) 100vw, 800px\" \/>\n\t\t\t<\/div><\/figure><figure class='gallery-item'>\n\t\t\t<div class='gallery-icon landscape'>\n\t\t\t\t<img loading=\"lazy\" decoding=\"async\" width=\"800\" height=\"800\" src=\"https:\/\/viviendasturisticasmardeplata.com\/wp-content\/uploads\/o-7.jpg\" class=\"attachment-full size-full\" alt=\"\" srcset=\"https:\/\/viviendasturisticasmardeplata.com\/wp-content\/uploads\/o-7.jpg 800w, https:\/\/viviendasturisticasmardeplata.com\/wp-content\/uploads\/o-7-300x300.jpg 300w, https:\/\/viviendasturisticasmardeplata.com\/wp-content\/uploads\/o-7-150x150.jpg 150w, https:\/\/viviendasturisticasmardeplata.com\/wp-content\/uploads\/o-7-768x768.jpg 768w\" sizes=\"(max-width: 800px) 100vw, 800px\" \/>\n\t\t\t<\/div><\/figure>\n\t\t<\/div>\n\t\t<\/div>\n\t\t\t\t\t\t<\/div>\n\t\t\t\t<\/div>\n\t\t\t\t\t<\/div>\n\t\t<\/div>\n\t\t\t\t\t<\/div>\n\t\t<\/section>\n\t\t\t\t<section class=\"elementor-section elementor-top-section elementor-element elementor-element-3079e38 elementor-section-boxed elementor-section-height-default elementor-section-height-default\" data-id=\"3079e38\" data-element_type=\"section\" data-e-type=\"section\">\n\t\t\t\t\t\t<div class=\"elementor-container elementor-column-gap-default\">\n\t\t\t\t\t<div class=\"elementor-column elementor-col-100 elementor-top-column elementor-element elementor-element-7fb9b1a\" data-id=\"7fb9b1a\" data-element_type=\"column\" data-e-type=\"column\">\n\t\t\t<div class=\"elementor-widget-wrap elementor-element-populated\">\n\t\t\t\t\t\t<div class=\"elementor-element elementor-element-8bfcc5e el-smalltitle pcolor elementor-widget elementor-widget-heading\" data-id=\"8bfcc5e\" data-element_type=\"widget\" data-e-type=\"widget\" data-widget_type=\"heading.default\">\n\t\t\t\t<div class=\"elementor-widget-container\">\n\t\t\t\t\t<span class=\"elementor-heading-title elementor-size-default\">Ci trovi all'indirizzo<\/span>\t\t\t\t<\/div>\n\t\t\t\t<\/div>\n\t\t\t\t<div class=\"elementor-element elementor-element-e078c99 elementor-widget elementor-widget-heading\" data-id=\"e078c99\" data-element_type=\"widget\" data-e-type=\"widget\" data-widget_type=\"heading.default\">\n\t\t\t\t<div class=\"elementor-widget-container\">\n\t\t\t\t\t<h2 class=\"elementor-heading-title elementor-size-default\">I nostri spazi<\/h2>\t\t\t\t<\/div>\n\t\t\t\t<\/div>\n\t\t\t\t\t<\/div>\n\t\t<\/div>\n\t\t\t\t\t<\/div>\n\t\t<\/section>\n\t\t\t\t<section class=\"elementor-section elementor-top-section elementor-element elementor-element-26b5cfa elementor-section-boxed elementor-section-height-default elementor-section-height-default\" data-id=\"26b5cfa\" data-element_type=\"section\" data-e-type=\"section\">\n\t\t\t\t\t\t<div class=\"elementor-container elementor-column-gap-default\">\n\t\t\t\t\t<div class=\"elementor-column elementor-col-33 elementor-top-column elementor-element elementor-element-b6fa96b\" data-id=\"b6fa96b\" data-element_type=\"column\" data-e-type=\"column\">\n\t\t\t<div class=\"elementor-widget-wrap elementor-element-populated\">\n\t\t\t\t\t\t<div class=\"elementor-element elementor-element-4f612b7 elementor-position-inline-start pcolori-bkg lefticon elementor-view-default elementor-mobile-position-block-start elementor-widget elementor-widget-icon-box\" data-id=\"4f612b7\" data-element_type=\"widget\" data-e-type=\"widget\" data-widget_type=\"icon-box.default\">\n\t\t\t\t<div class=\"elementor-widget-container\">\n\t\t\t\t\t\t\t<div class=\"elementor-icon-box-wrapper\">\n\n\t\t\t\t\t\t<div class=\"elementor-icon-box-icon\">\n\t\t\t\t<span  class=\"elementor-icon\">\n\t\t\t\t<svg aria-hidden=\"true\" class=\"e-font-icon-svg e-fas-map-marker-alt\" viewBox=\"0 0 384 512\" xmlns=\"http:\/\/www.w3.org\/2000\/svg\"><path d=\"M172.268 501.67C26.97 291.031 0 269.413 0 192 0 85.961 85.961 0 192 0s192 85.961 192 192c0 77.413-26.97 99.031-172.268 309.67-9.535 13.774-29.93 13.773-39.464 0zM192 272c44.183 0 80-35.817 80-80s-35.817-80-80-80-80 35.817-80 80 35.817 80 80 80z\"><\/path><\/svg>\t\t\t\t<\/span>\n\t\t\t<\/div>\n\t\t\t\n\t\t\t\t\t\t<div class=\"elementor-icon-box-content\">\n\n\t\t\t\t\t\t\t\t\t<h5 class=\"elementor-icon-box-title\">\n\t\t\t\t\t\t<span  >\n\t\t\t\t\t\t\tRistorante\t\t\t\t\t\t<\/span>\n\t\t\t\t\t<\/h5>\n\t\t\t\t\n\t\t\t\t\t\t\t\t\t<p class=\"elementor-icon-box-description\">\n\t\t\t\t\t\tR\u00faa Formigueiros, 5, 27600 Sarria, Lugo  <br>\ninfo@restaurantemardeplatasarria.com<br>\n982 530 724  <br>\n<a class=\"margin-t15 read-more-v2\" href=\"https:\/\/maps.app.goo.gl\/Fm9iKfwJxG7wFGXP8\"><a href=\"https:\/\/maps.app.goo.gl\/Fm9iKfwJxG7wFGXP8\">Come arrivare<\/a><\/a>\t\t\t\t\t<\/p>\n\t\t\t\t\n\t\t\t<\/div>\n\t\t\t\n\t\t<\/div>\n\t\t\t\t\t\t<\/div>\n\t\t\t\t<\/div>\n\t\t\t\t\t<\/div>\n\t\t<\/div>\n\t\t\t\t<div class=\"elementor-column elementor-col-33 elementor-top-column elementor-element elementor-element-62ddb14\" data-id=\"62ddb14\" data-element_type=\"column\" data-e-type=\"column\">\n\t\t\t<div class=\"elementor-widget-wrap elementor-element-populated\">\n\t\t\t\t\t\t<div class=\"elementor-element elementor-element-83cc152 elementor-position-inline-start pcolori-bkg lefticon elementor-view-default elementor-mobile-position-block-start elementor-widget elementor-widget-icon-box\" data-id=\"83cc152\" data-element_type=\"widget\" data-e-type=\"widget\" data-widget_type=\"icon-box.default\">\n\t\t\t\t<div class=\"elementor-widget-container\">\n\t\t\t\t\t\t\t<div class=\"elementor-icon-box-wrapper\">\n\n\t\t\t\t\t\t<div class=\"elementor-icon-box-icon\">\n\t\t\t\t<span  class=\"elementor-icon\">\n\t\t\t\t<svg aria-hidden=\"true\" class=\"e-font-icon-svg e-fas-map-marker-alt\" viewBox=\"0 0 384 512\" xmlns=\"http:\/\/www.w3.org\/2000\/svg\"><path d=\"M172.268 501.67C26.97 291.031 0 269.413 0 192 0 85.961 85.961 0 192 0s192 85.961 192 192c0 77.413-26.97 99.031-172.268 309.67-9.535 13.774-29.93 13.773-39.464 0zM192 272c44.183 0 80-35.817 80-80s-35.817-80-80-80-80 35.817-80 80 35.817 80 80 80z\"><\/path><\/svg>\t\t\t\t<\/span>\n\t\t\t<\/div>\n\t\t\t\n\t\t\t\t\t\t<div class=\"elementor-icon-box-content\">\n\n\t\t\t\t\t\t\t\t\t<h5 class=\"elementor-icon-box-title\">\n\t\t\t\t\t\t<span  >\n\t\t\t\t\t\t\tHotel\t\t\t\t\t\t<\/span>\n\t\t\t\t\t<\/h5>\n\t\t\t\t\n\t\t\t\t\t\t\t\t\t<p class=\"elementor-icon-box-description\">\n\t\t\t\t\t\tR\u00faa Formigueiros, 5, 27600 Sarria, Lugo  <br>\nreservas@hotelmardeplata.com\ninfo@hotelmardeplatasarria.com<br>\n982 530 724  <br>\n<a class=\"margin-t15 read-more-v2\" href=\"https:\/\/maps.app.goo.gl\/Fm9iKfwJxG7wFGXP8\"><a href=\"https:\/\/maps.app.goo.gl\/Fm9iKfwJxG7wFGXP8\">Come arrivare<\/a><\/a>\t\t\t\t\t<\/p>\n\t\t\t\t\n\t\t\t<\/div>\n\t\t\t\n\t\t<\/div>\n\t\t\t\t\t\t<\/div>\n\t\t\t\t<\/div>\n\t\t\t\t\t<\/div>\n\t\t<\/div>\n\t\t\t\t<div class=\"elementor-column elementor-col-33 elementor-top-column elementor-element elementor-element-07a756a\" data-id=\"07a756a\" data-element_type=\"column\" data-e-type=\"column\">\n\t\t\t<div class=\"elementor-widget-wrap elementor-element-populated\">\n\t\t\t\t\t\t<div class=\"elementor-element elementor-element-ed3a4d2 elementor-position-inline-start pcolori-bkg lefticon elementor-view-default elementor-mobile-position-block-start elementor-widget elementor-widget-icon-box\" data-id=\"ed3a4d2\" data-element_type=\"widget\" data-e-type=\"widget\" data-widget_type=\"icon-box.default\">\n\t\t\t\t<div class=\"elementor-widget-container\">\n\t\t\t\t\t\t\t<div class=\"elementor-icon-box-wrapper\">\n\n\t\t\t\t\t\t<div class=\"elementor-icon-box-icon\">\n\t\t\t\t<span  class=\"elementor-icon\">\n\t\t\t\t<svg aria-hidden=\"true\" class=\"e-font-icon-svg e-fas-map-marker-alt\" viewBox=\"0 0 384 512\" xmlns=\"http:\/\/www.w3.org\/2000\/svg\"><path d=\"M172.268 501.67C26.97 291.031 0 269.413 0 192 0 85.961 85.961 0 192 0s192 85.961 192 192c0 77.413-26.97 99.031-172.268 309.67-9.535 13.774-29.93 13.773-39.464 0zM192 272c44.183 0 80-35.817 80-80s-35.817-80-80-80-80 35.817-80 80 35.817 80 80 80z\"><\/path><\/svg>\t\t\t\t<\/span>\n\t\t\t<\/div>\n\t\t\t\n\t\t\t\t\t\t<div class=\"elementor-icon-box-content\">\n\n\t\t\t\t\t\t\t\t\t<h5 class=\"elementor-icon-box-title\">\n\t\t\t\t\t\t<span  >\n\t\t\t\t\t\t\tcase vacanze\t\t\t\t\t\t<\/span>\n\t\t\t\t\t<\/h5>\n\t\t\t\t\n\t\t\t\t\t\t\t\t\t<p class=\"elementor-icon-box-description\">\n\t\t\t\t\t\tR\u00faa Formigueiros, 7, 27600 Sarria, Lugo  <br>\ninfo@apartamentosmardeplata.com<br>\n+ 34 621 423 025  <br>\n<a class=\"margin-t15 read-more-v2\" href=\"https:\/\/maps.app.goo.gl\/EiiFD9oeKbKAda6z5\"><a href=\"https:\/\/maps.app.goo.gl\/EiiFD9oeKbKAda6z5\">Come arrivare<\/a><\/a>\t\t\t\t\t<\/p>\n\t\t\t\t\n\t\t\t<\/div>\n\t\t\t\n\t\t<\/div>\n\t\t\t\t\t\t<\/div>\n\t\t\t\t<\/div>\n\t\t\t\t\t<\/div>\n\t\t<\/div>\n\t\t\t\t\t<\/div>\n\t\t<\/section>\n\t\t\t\t<\/div>\n\t\t","protected":false},"excerpt":{"rendered":"<p>DOMANDE FREQUENTI Scoprire Sarria Sarria \u00e8 un incantevole comune della provincia di Lugo, in Galizia, che \u00e8 diventato una destinazione popolare sia per i pellegrini che percorrono il Cammino di Santiago sia per i turisti che vogliono godersi la sua&#8230;<\/p>\n","protected":false},"author":1,"featured_media":3066,"parent":0,"menu_order":0,"comment_status":"closed","ping_status":"closed","template":"templates\/template-fullscreen.php","meta":{"footnotes":""},"class_list":["post-3065","page","type-page","status-publish","has-post-thumbnail","hentry"],"acf":[],"yoast_head":"<!-- This site is optimized with the Yoast SEO plugin v27.2 - https:\/\/yoast.com\/product\/yoast-seo-wordpress\/ -->\n<title>Scoprire - Viviendas tur\u00edsticas Mar de Plata<\/title>\n<meta name=\"robots\" content=\"index, follow, max-snippet:-1, max-image-preview:large, max-video-preview:-1\" \/>\n<link rel=\"canonical\" href=\"https:\/\/viviendasturisticasmardeplata.com\/it\/scoprire\/\" \/>\n<meta property=\"og:locale\" content=\"it_IT\" \/>\n<meta property=\"og:type\" content=\"article\" \/>\n<meta property=\"og:title\" content=\"Scoprire - Viviendas tur\u00edsticas Mar de Plata\" \/>\n<meta property=\"og:description\" content=\"DOMANDE FREQUENTI Scoprire Sarria Sarria \u00e8 un incantevole comune della provincia di Lugo, in Galizia, che \u00e8 diventato una destinazione popolare sia per i pellegrini che percorrono il Cammino di Santiago sia per i turisti che vogliono godersi la sua...\" \/>\n<meta property=\"og:url\" content=\"https:\/\/viviendasturisticasmardeplata.com\/it\/scoprire\/\" \/>\n<meta property=\"og:site_name\" content=\"Viviendas tur\u00edsticas Mar de Plata\" \/>\n<meta property=\"article:modified_time\" content=\"2024-07-03T05:51:47+00:00\" \/>\n<meta property=\"og:image\" content=\"https:\/\/viviendasturisticasmardeplata.com\/wp-content\/uploads\/Diseno-sin-titulo-2024-06-19T103624.875.jpg\" \/>\n\t<meta property=\"og:image:width\" content=\"1920\" \/>\n\t<meta property=\"og:image:height\" content=\"1080\" \/>\n\t<meta property=\"og:image:type\" content=\"image\/jpeg\" \/>\n<meta name=\"twitter:card\" content=\"summary_large_image\" \/>\n<meta name=\"twitter:label1\" content=\"Tempo di lettura stimato\" \/>\n\t<meta name=\"twitter:data1\" content=\"2 minuti\" \/>\n<script type=\"application\/ld+json\" class=\"yoast-schema-graph\">{\"@context\":\"https:\/\/schema.org\",\"@graph\":[{\"@type\":\"WebPage\",\"@id\":\"https:\/\/viviendasturisticasmardeplata.com\/it\/scoprire\/\",\"url\":\"https:\/\/viviendasturisticasmardeplata.com\/it\/scoprire\/\",\"name\":\"Scoprire - Viviendas tur\u00edsticas Mar de Plata\",\"isPartOf\":{\"@id\":\"https:\/\/viviendasturisticasmardeplata.com\/it\/#website\"},\"primaryImageOfPage\":{\"@id\":\"https:\/\/viviendasturisticasmardeplata.com\/it\/scoprire\/#primaryimage\"},\"image\":{\"@id\":\"https:\/\/viviendasturisticasmardeplata.com\/it\/scoprire\/#primaryimage\"},\"thumbnailUrl\":\"https:\/\/viviendasturisticasmardeplata.com\/wp-content\/uploads\/Diseno-sin-titulo-2024-06-19T103624.875.jpg\",\"datePublished\":\"2022-11-04T15:34:49+00:00\",\"dateModified\":\"2024-07-03T05:51:47+00:00\",\"breadcrumb\":{\"@id\":\"https:\/\/viviendasturisticasmardeplata.com\/it\/scoprire\/#breadcrumb\"},\"inLanguage\":\"it-IT\",\"potentialAction\":[{\"@type\":\"ReadAction\",\"target\":[\"https:\/\/viviendasturisticasmardeplata.com\/it\/scoprire\/\"]}]},{\"@type\":\"ImageObject\",\"inLanguage\":\"it-IT\",\"@id\":\"https:\/\/viviendasturisticasmardeplata.com\/it\/scoprire\/#primaryimage\",\"url\":\"https:\/\/viviendasturisticasmardeplata.com\/wp-content\/uploads\/Diseno-sin-titulo-2024-06-19T103624.875.jpg\",\"contentUrl\":\"https:\/\/viviendasturisticasmardeplata.com\/wp-content\/uploads\/Diseno-sin-titulo-2024-06-19T103624.875.jpg\",\"width\":1920,\"height\":1080},{\"@type\":\"BreadcrumbList\",\"@id\":\"https:\/\/viviendasturisticasmardeplata.com\/it\/scoprire\/#breadcrumb\",\"itemListElement\":[{\"@type\":\"ListItem\",\"position\":1,\"name\":\"Portada\",\"item\":\"https:\/\/viviendasturisticasmardeplata.com\/it\/home\/\"},{\"@type\":\"ListItem\",\"position\":2,\"name\":\"Scoprire\"}]},{\"@type\":\"WebSite\",\"@id\":\"https:\/\/viviendasturisticasmardeplata.com\/it\/#website\",\"url\":\"https:\/\/viviendasturisticasmardeplata.com\/it\/\",\"name\":\"Viviendas tur\u00edsticas Mar de Plata\",\"description\":\"Viviendas tur\u00edsticas en Sarria - Mar de Plata\",\"publisher\":{\"@id\":\"https:\/\/viviendasturisticasmardeplata.com\/it\/#organization\"},\"potentialAction\":[{\"@type\":\"SearchAction\",\"target\":{\"@type\":\"EntryPoint\",\"urlTemplate\":\"https:\/\/viviendasturisticasmardeplata.com\/it\/?s={search_term_string}\"},\"query-input\":{\"@type\":\"PropertyValueSpecification\",\"valueRequired\":true,\"valueName\":\"search_term_string\"}}],\"inLanguage\":\"it-IT\"},{\"@type\":\"Organization\",\"@id\":\"https:\/\/viviendasturisticasmardeplata.com\/it\/#organization\",\"name\":\"Viviendas tur\u00edsticas Mar de Plata\",\"url\":\"https:\/\/viviendasturisticasmardeplata.com\/it\/\",\"logo\":{\"@type\":\"ImageObject\",\"inLanguage\":\"it-IT\",\"@id\":\"https:\/\/viviendasturisticasmardeplata.com\/it\/#\/schema\/logo\/image\/\",\"url\":\"https:\/\/viviendasturisticasmardeplata.com\/wp-content\/uploads\/APARTAMENTOS.jpg\",\"contentUrl\":\"https:\/\/viviendasturisticasmardeplata.com\/wp-content\/uploads\/APARTAMENTOS.jpg\",\"width\":170,\"height\":130,\"caption\":\"Viviendas tur\u00edsticas Mar de Plata\"},\"image\":{\"@id\":\"https:\/\/viviendasturisticasmardeplata.com\/it\/#\/schema\/logo\/image\/\"}}]}<\/script>\n<!-- \/ Yoast SEO plugin. -->","yoast_head_json":{"title":"Scoprire - Viviendas tur\u00edsticas Mar de Plata","robots":{"index":"index","follow":"follow","max-snippet":"max-snippet:-1","max-image-preview":"max-image-preview:large","max-video-preview":"max-video-preview:-1"},"canonical":"https:\/\/viviendasturisticasmardeplata.com\/it\/scoprire\/","og_locale":"it_IT","og_type":"article","og_title":"Scoprire - Viviendas tur\u00edsticas Mar de Plata","og_description":"DOMANDE FREQUENTI Scoprire Sarria Sarria \u00e8 un incantevole comune della provincia di Lugo, in Galizia, che \u00e8 diventato una destinazione popolare sia per i pellegrini che percorrono il Cammino di Santiago sia per i turisti che vogliono godersi la sua...","og_url":"https:\/\/viviendasturisticasmardeplata.com\/it\/scoprire\/","og_site_name":"Viviendas tur\u00edsticas Mar de Plata","article_modified_time":"2024-07-03T05:51:47+00:00","og_image":[{"width":1920,"height":1080,"url":"https:\/\/viviendasturisticasmardeplata.com\/wp-content\/uploads\/Diseno-sin-titulo-2024-06-19T103624.875.jpg","type":"image\/jpeg"}],"twitter_card":"summary_large_image","twitter_misc":{"Tempo di lettura stimato":"2 minuti"},"schema":{"@context":"https:\/\/schema.org","@graph":[{"@type":"WebPage","@id":"https:\/\/viviendasturisticasmardeplata.com\/it\/scoprire\/","url":"https:\/\/viviendasturisticasmardeplata.com\/it\/scoprire\/","name":"Scoprire - Viviendas tur\u00edsticas Mar de Plata","isPartOf":{"@id":"https:\/\/viviendasturisticasmardeplata.com\/it\/#website"},"primaryImageOfPage":{"@id":"https:\/\/viviendasturisticasmardeplata.com\/it\/scoprire\/#primaryimage"},"image":{"@id":"https:\/\/viviendasturisticasmardeplata.com\/it\/scoprire\/#primaryimage"},"thumbnailUrl":"https:\/\/viviendasturisticasmardeplata.com\/wp-content\/uploads\/Diseno-sin-titulo-2024-06-19T103624.875.jpg","datePublished":"2022-11-04T15:34:49+00:00","dateModified":"2024-07-03T05:51:47+00:00","breadcrumb":{"@id":"https:\/\/viviendasturisticasmardeplata.com\/it\/scoprire\/#breadcrumb"},"inLanguage":"it-IT","potentialAction":[{"@type":"ReadAction","target":["https:\/\/viviendasturisticasmardeplata.com\/it\/scoprire\/"]}]},{"@type":"ImageObject","inLanguage":"it-IT","@id":"https:\/\/viviendasturisticasmardeplata.com\/it\/scoprire\/#primaryimage","url":"https:\/\/viviendasturisticasmardeplata.com\/wp-content\/uploads\/Diseno-sin-titulo-2024-06-19T103624.875.jpg","contentUrl":"https:\/\/viviendasturisticasmardeplata.com\/wp-content\/uploads\/Diseno-sin-titulo-2024-06-19T103624.875.jpg","width":1920,"height":1080},{"@type":"BreadcrumbList","@id":"https:\/\/viviendasturisticasmardeplata.com\/it\/scoprire\/#breadcrumb","itemListElement":[{"@type":"ListItem","position":1,"name":"Portada","item":"https:\/\/viviendasturisticasmardeplata.com\/it\/home\/"},{"@type":"ListItem","position":2,"name":"Scoprire"}]},{"@type":"WebSite","@id":"https:\/\/viviendasturisticasmardeplata.com\/it\/#website","url":"https:\/\/viviendasturisticasmardeplata.com\/it\/","name":"Viviendas tur\u00edsticas Mar de Plata","description":"Viviendas tur\u00edsticas en Sarria - Mar de Plata","publisher":{"@id":"https:\/\/viviendasturisticasmardeplata.com\/it\/#organization"},"potentialAction":[{"@type":"SearchAction","target":{"@type":"EntryPoint","urlTemplate":"https:\/\/viviendasturisticasmardeplata.com\/it\/?s={search_term_string}"},"query-input":{"@type":"PropertyValueSpecification","valueRequired":true,"valueName":"search_term_string"}}],"inLanguage":"it-IT"},{"@type":"Organization","@id":"https:\/\/viviendasturisticasmardeplata.com\/it\/#organization","name":"Viviendas tur\u00edsticas Mar de Plata","url":"https:\/\/viviendasturisticasmardeplata.com\/it\/","logo":{"@type":"ImageObject","inLanguage":"it-IT","@id":"https:\/\/viviendasturisticasmardeplata.com\/it\/#\/schema\/logo\/image\/","url":"https:\/\/viviendasturisticasmardeplata.com\/wp-content\/uploads\/APARTAMENTOS.jpg","contentUrl":"https:\/\/viviendasturisticasmardeplata.com\/wp-content\/uploads\/APARTAMENTOS.jpg","width":170,"height":130,"caption":"Viviendas tur\u00edsticas Mar de Plata"},"image":{"@id":"https:\/\/viviendasturisticasmardeplata.com\/it\/#\/schema\/logo\/image\/"}}]}},"_links":{"self":[{"href":"https:\/\/viviendasturisticasmardeplata.com\/it\/wp-json\/wp\/v2\/pages\/3065","targetHints":{"allow":["GET"]}}],"collection":[{"href":"https:\/\/viviendasturisticasmardeplata.com\/it\/wp-json\/wp\/v2\/pages"}],"about":[{"href":"https:\/\/viviendasturisticasmardeplata.com\/it\/wp-json\/wp\/v2\/types\/page"}],"author":[{"embeddable":true,"href":"https:\/\/viviendasturisticasmardeplata.com\/it\/wp-json\/wp\/v2\/users\/1"}],"replies":[{"embeddable":true,"href":"https:\/\/viviendasturisticasmardeplata.com\/it\/wp-json\/wp\/v2\/comments?post=3065"}],"version-history":[{"count":0,"href":"https:\/\/viviendasturisticasmardeplata.com\/it\/wp-json\/wp\/v2\/pages\/3065\/revisions"}],"wp:featuredmedia":[{"embeddable":true,"href":"https:\/\/viviendasturisticasmardeplata.com\/it\/wp-json\/wp\/v2\/media\/3066"}],"wp:attachment":[{"href":"https:\/\/viviendasturisticasmardeplata.com\/it\/wp-json\/wp\/v2\/media?parent=3065"}],"curies":[{"name":"wp","href":"https:\/\/api.w.org\/{rel}","templated":true}]}}